{"id":111201,"date":"2026-04-23T14:18:18","date_gmt":"2026-04-23T12:18:18","guid":{"rendered":"https:\/\/lutz-blades.com\/lame-lutz-allinterno\/strategia-ambientale\/"},"modified":"2026-04-27T15:10:37","modified_gmt":"2026-04-27T13:10:37","slug":"strategia-ambientale","status":"publish","type":"page","link":"https:\/\/lutz-blades.com\/it\/lame-lutz-allinterno\/strategia-ambientale\/","title":{"rendered":"Strategia ambientale"},"content":{"rendered":"\n\t\t\t       \n            \n            <div class=\"hero hero-e28c8782 sub\" data-slides=\"1\" data-start=\"0\">\n\t\t\t\t\n\t\t\t\t\t\t\t\t\n\t\t\t\t<div class=\"acf-innerblocks-container\">\n\r\n\t\t\t       \r\n                    \r\n            <div class=\"hero-slide hero-slide-0dfa4ac7 is-style-image\">\r\n\t\t\t\t<div class=\"hero-canvas\" data-aos=\"fade-right\">\r\n\t\t\t\t\t<h1 class=\"hero-headline\">Il nostro impegno guardando al futuro<\/h1>\t\t\t\t\t\t\t\t\t\t\t\t\t\t<\/div>\r\n\t\t\t\t<div class=\"hero-media hero-media-image\" data-aos=\"fade-left\"><img loading=\"lazy\" decoding=\"async\" width=\"1400\" height=\"788\" src=\"https:\/\/lutz-blades.com\/wp-content\/uploads\/standort-solingen-01-1.jpg\" class=\"attachment-full size-full\" alt=\"\" srcset=\"https:\/\/lutz-blades.com\/wp-content\/uploads\/standort-solingen-01-1.jpg 1400w, https:\/\/lutz-blades.com\/wp-content\/uploads\/standort-solingen-01-1-300x169.jpg 300w, https:\/\/lutz-blades.com\/wp-content\/uploads\/standort-solingen-01-1-1024x576.jpg 1024w, https:\/\/lutz-blades.com\/wp-content\/uploads\/standort-solingen-01-1-768x432.jpg 768w, https:\/\/lutz-blades.com\/wp-content\/uploads\/standort-solingen-01-1-800x450.jpg 800w\" sizes=\"auto, (max-width: 1400px) 100vw, 1400px\" \/><\/div>            <\/div>\r\n\t\t\t\t\r\n            \t\t\t\r\n\t\t\t\r\n\r\n\r\n            \n<\/div>\n\t\t\t\t\t\t\t\t\t\t\t\t\n\t\t\t\t\t\t\t<\/div>\n\t\t\t\t\n\t\t\t\n\t\t\t        \n            \n\n<section class=\"gb-container gb-container-f420d16f gb-container-white\">\n<div class=\"gb-container gb-container-1bb3f6f5\">\n<div class=\"gb-container gb-container-4ff532e4\" data-aos=\"fade-right\">\n\n<div class=\"wp-block-pixel-headline headlines is-subheadline-bottom has-text-align-left\"><h2 class=\"headline\" style=\"color:\">Il nostro approccio si basa su una visione a lungo termine e su tappe ben definite, non su misure a breve termine<\/h2><\/div>\n\n\n\n<p>Ci assumiamo le nostre responsabilit\u00e0 strutturando la produzione e la catena del valore in modo da utilizzare le risorse in modo efficiente ed evitare sprechi. Il nostro obiettivo \u00e8 ridurre a lungo termine l&#8217;impatto dei nostri prodotti e della loro fabbricazione. Per farlo, analizziamo e ottimizziamo continuamente i nostri processi, attuiamo misure mirate e continuiamo a evolverci, ovunque sia tecnicamente fattibile ed economicamente sensato. Laddove possibile, ricorriamo a materie prime naturali o riciclabili per chiudere il ciclo delle risorse e aumentare l&#8217;efficienza dei materiali.   <\/p>\n\n<\/div>\n<\/div>\n<\/section>\n\n<section class=\"gb-container gb-container-d89abc98 gb-container-grau\">\n<div class=\"gb-container gb-container-ea749d80\">\n<div class=\"gb-grid-wrapper gb-grid-wrapper-cd2a23d3\">\n<div class=\"gb-grid-column gb-grid-column-b83f778a\"><div class=\"gb-container gb-container-b83f778a\" data-aos=\"fade-right\">\n\n<figure class=\"gb-block-image gb-block-image-82966e3d\"><img loading=\"lazy\" decoding=\"async\" width=\"1200\" height=\"1081\" class=\"gb-image gb-image-82966e3d\" src=\"https:\/\/lutz-blades.com\/wp-content\/uploads\/diagram-3.png\" alt=\"\"  srcset=\"https:\/\/lutz-blades.com\/wp-content\/uploads\/diagram-3.png 1200w, https:\/\/lutz-blades.com\/wp-content\/uploads\/diagram-3-300x270.png 300w, https:\/\/lutz-blades.com\/wp-content\/uploads\/diagram-3-1024x922.png 1024w, https:\/\/lutz-blades.com\/wp-content\/uploads\/diagram-3-768x692.png 768w, https:\/\/lutz-blades.com\/wp-content\/uploads\/diagram-3-555x500.png 555w\" sizes=\"auto, (max-width: 1200px) 100vw, 1200px\" \/><\/figure>\n\n<\/div><\/div>\n\n<div class=\"gb-grid-column gb-grid-column-c6102031\"><div class=\"gb-container gb-container-c6102031\">\n\n<div class=\"wp-block-pixel-headline headlines is-subheadline-bottom has-text-align-left\"><h2 class=\"headline\" style=\"color:\">La nostra strategia<\/h2><\/div>\n\n\n\n<p>La base del nostro impegno e dei nostri obiettivi per aumentare l&#8217;efficienza delle risorse \u00e8 rappresentata dalla norma ISO 14001. Abbiamo introdotto la norma in azienda nel 2024 e sviluppiamo costantemente il sistema di gestione attraverso uno scambio continuo e regolari audit interni. Il sistema di gestione coinvolge tutte le parti interessate, tra cui clienti, fornitori, dipendenti e tutte le sedi di LUTZ. Il campo di applicazione riguarda lo sviluppo, la progettazione, la produzione e la vendita di sistemi di taglio, lame e coltelli.   <\/p>\n\n\n\n<p><\/p>\n\n\n\n<p>Oltre alla ISO 14001, dal 2018 Lutz adotta la norma ISO 50001 per i sistemi di gestione dell&#8217;energia. L&#8217;attuazione della norma in azienda ci aiuta non solo a rilevare gli indicatori chiave pertinenti, ma anche a identificare i potenziali per ridurre il nostro consumo energetico. <\/p>\n\n\n\n<p><\/p>\n\n\n\n<p>Attraverso la definizione di obiettivi ambientali ed energetici annuali, la valutazione della loro attuazione nell&#8217;ambito dei riesami della direzione e il metodo di lavoro basato sul ciclo PDCA, garantiamo l&#8217;osservazione e la valutazione continua delle nostre attivit\u00e0 e dei loro impatti lungo l&#8217;intera catena del valore. <\/p>\n\n<\/div><\/div>\n<\/div>\n<\/div>\n<\/section>\n\n<section class=\"gb-container gb-container-758d1e7e gb-container-white\">\n<div class=\"gb-container gb-container-9caf02d7\">\n<div class=\"gb-container gb-container-0a7315d6\">\n<div class=\"gb-container gb-container-72803721\" data-aos=\"fade-right\">\n\n<div class=\"wp-block-pixel-headline headlines is-subheadline-bottom has-text-align-center\"><h2 class=\"headline\" style=\"color:\">I nostri temi centrali<\/h2><\/div>\n\n<\/div>\n<\/div>\n\n<div class=\"gb-container gb-container-cdda53c8\">\n<div class=\"gb-container gb-container-512791ed\">\n<div class=\"gb-grid-wrapper gb-grid-wrapper-eeff40d7\">\n<div class=\"gb-grid-column gb-grid-column-1da1605b\"><div class=\"gb-container gb-container-1da1605b\">\n\n<figure class=\"gb-block-image gb-block-image-f1788173\"><img loading=\"lazy\" decoding=\"async\" width=\"120\" height=\"120\" class=\"gb-image gb-image-f1788173\" src=\"https:\/\/lutz-blades.com\/wp-content\/uploads\/\/icon_recycling.svg\" alt=\"\" \/><\/figure>\n\n\n\n<div class=\"wp-block-pixel-headline headlines is-subheadline-bottom has-text-align-center\"><h3 class=\"headline\" style=\"color:\">Sostituzione della plastica<\/h3><\/div>\n\n<\/div><\/div>\n\n<div class=\"gb-grid-column gb-grid-column-6f5920c1\"><div class=\"gb-container gb-container-6f5920c1\">\n\n<div class=\"wp-block-group is-nowrap is-layout-flex wp-container-core-group-is-layout-ad2f72ca wp-block-group-is-layout-flex\">\n<figure class=\"gb-block-image gb-block-image-7883398c\"><img loading=\"lazy\" decoding=\"async\" width=\"120\" height=\"120\" class=\"gb-image gb-image-7883398c\" src=\"https:\/\/lutz-blades.com\/wp-content\/uploads\/\/icon_abfaelle.svg\" alt=\"\" \/><\/figure>\n<\/div>\n\n\n\n<div class=\"wp-block-pixel-headline headlines is-subheadline-bottom has-text-align-center\"><h3 class=\"headline\" style=\"color:\">Migliore efficienza energetica<\/h3><\/div>\n\n<\/div><\/div>\n\n<div class=\"gb-grid-column gb-grid-column-ed3ac53d\"><div class=\"gb-container gb-container-ed3ac53d\">\n\n<div class=\"wp-block-group is-nowrap is-layout-flex wp-container-core-group-is-layout-ad2f72ca wp-block-group-is-layout-flex\">\n<figure class=\"gb-block-image gb-block-image-d1835e66\"><img loading=\"lazy\" decoding=\"async\" width=\"120\" height=\"120\" class=\"gb-image gb-image-d1835e66\" src=\"https:\/\/lutz-blades.com\/wp-content\/uploads\/\/icon_recycling.svg\" alt=\"\" \/><\/figure>\n<\/div>\n\n\n\n<div class=\"wp-block-pixel-headline headlines is-subheadline-bottom has-text-align-center\"><h3 class=\"headline\" style=\"color:\">Utilizzo di materiale riciclato<\/h3><\/div>\n\n<\/div><\/div>\n\n<div class=\"gb-grid-column gb-grid-column-53777f46\"><div class=\"gb-container gb-container-53777f46\">\n\n<figure class=\"gb-block-image gb-block-image-f93cadca\"><img loading=\"lazy\" decoding=\"async\" width=\"120\" height=\"120\" class=\"gb-image gb-image-f93cadca\" src=\"https:\/\/lutz-blades.com\/wp-content\/uploads\/\/icon_ressourceneinsatz.svg\" alt=\"\" \/><\/figure>\n\n\n\n<div class=\"wp-block-pixel-headline headlines is-subheadline-bottom has-text-align-center\"><h3 class=\"headline\" style=\"color:\">Ridurre l&#8217;impiego di risorse<\/h3><\/div>\n\n<\/div><\/div>\n<\/div>\n<\/div>\n<\/div>\n<\/div>\n<\/section>\n\n<section class=\"gb-container gb-container-93fdfeb8 gb-container-grau\">\n<div class=\"gb-container gb-container-6cb8d8fd\">\n<div class=\"gb-grid-wrapper gb-grid-wrapper-adb5808f\">\n<div class=\"gb-grid-column gb-grid-column-990d4973\"><div class=\"gb-container gb-container-990d4973\">\n<div class=\"gb-container gb-container-156e59d4\">\n\n<div class=\"wp-block-pixel-headline headlines is-subheadline-bottom has-text-align-center\"><h2 class=\"headline\" style=\"color:\">Il calcolo dell&#8217;impronta di carbonio<\/h2><\/div>\n\n\n\n<p class=\"has-text-align-center\">Esistono diversi metodi per mostrare l&#8217;impatto che i prodotti hanno sull&#8217;ambiente. Uno di questi \u00e8 il calcolo dell&#8217;impronta di carbonio relativa al prodotto, chiamata anche Product Carbon Footprint (PCF). Il PCF di un prodotto descrive le emissioni totali di CO2 generate durante il ciclo di vita del prodotto e si compone degli Scope 1, 2 e 3.  <\/p>\n\n<\/div>\n<\/div><\/div>\n\n<div class=\"gb-grid-column gb-grid-column-4b009472\"><div class=\"gb-container gb-container-4b009472\">\n<div class=\"gb-grid-wrapper gb-grid-wrapper-99fadcd6\">\n<div class=\"gb-grid-column gb-grid-column-b88cc599\"><div class=\"gb-container gb-container-b88cc599\">\n\n<figure class=\"gb-block-image gb-block-image-65bd96d2\"><img loading=\"lazy\" decoding=\"async\" width=\"120\" height=\"120\" class=\"gb-image gb-image-65bd96d2\" src=\"https:\/\/lutz-blades.com\/wp-content\/uploads\/icon-emissions.svg\" alt=\"\" \/><\/figure>\n\n\n\n<div class=\"wp-block-pixel-headline headlines is-subheadline-bottom has-text-align-center is-gap-sm\"><h3 class=\"headline\" style=\"color:\">Scope 1: Le emissioni dirette<\/h3><\/div>\n\n\n\n<p class=\"has-text-align-center\">Le emissioni provenienti da fonti proprie o controllate, ad esempio la combustione di combustibili fossili in impianti aziendali (caldaie, forni).<\/p>\n\n<\/div><\/div>\n\n<div class=\"gb-grid-column gb-grid-column-756621c5\"><div class=\"gb-container gb-container-756621c5\">\n\n<figure class=\"gb-block-image gb-block-image-3ecee514\"><img loading=\"lazy\" decoding=\"async\" width=\"120\" height=\"120\" class=\"gb-image gb-image-3ecee514\" src=\"https:\/\/lutz-blades.com\/wp-content\/uploads\/icon-energy.svg\" alt=\"\" \/><\/figure>\n\n\n\n<div class=\"wp-block-pixel-headline headlines is-subheadline-bottom has-text-align-center is-gap-sm\"><h3 class=\"headline\" style=\"color:\">Scope 2: Le emissioni indirette derivanti dall&#8217;approvvigionamento energetico<\/h3><\/div>\n\n\n\n<p class=\"has-text-align-center\">Le emissioni derivanti dall&#8217;energia acquistata, ad esempio quelle prodotte durante la generazione dell&#8217;elettricit\u00e0 acquistata.<\/p>\n\n<\/div><\/div>\n\n<div class=\"gb-grid-column gb-grid-column-79b29229\"><div class=\"gb-container gb-container-79b29229\">\n\n<figure class=\"gb-block-image gb-block-image-48ed418a\"><img loading=\"lazy\" decoding=\"async\" width=\"120\" height=\"120\" class=\"gb-image gb-image-48ed418a\" src=\"https:\/\/lutz-blades.com\/wp-content\/uploads\/icon-value-chain.svg\" alt=\"\" \/><\/figure>\n\n\n\n<div class=\"wp-block-pixel-headline headlines is-subheadline-bottom has-text-align-center is-gap-sm\"><h3 class=\"headline\" style=\"color:\">Scope 3: Le emissioni indirette della catena del valore<\/h3><\/div>\n\n\n\n<p class=\"has-text-align-center\">Le emissioni a monte e a valle che non sono controllate direttamente dall&#8217;azienda, ad esempio l&#8217;approvvigionamento di materie prime o le attivit\u00e0 dei fornitori.<\/p>\n\n<\/div><\/div>\n<\/div>\n<\/div><\/div>\n<\/div>\n<\/div>\n<\/section>\n\n<section class=\"gb-container gb-container-71b7f48e\">\n<div class=\"gb-container gb-container-9ed16566 gb-container-white\">\n<div class=\"gb-grid-wrapper gb-grid-wrapper-7a6ab449\">\n<div class=\"gb-grid-column gb-grid-column-221a6054\"><div class=\"gb-container gb-container-221a6054\">\n\n<div class=\"wp-block-pixel-headline headlines is-subheadline-bottom has-text-align-left\"><h2 class=\"headline\" style=\"color:\">Il PCF mostra le emissioni:<br>Esempio di lama a settori di LUTZ BLADES<\/h2><\/div>\n\n\n\n<p>Grazie al calcolo del PCF, \u00e8 possibile suddividere i prodotti e le relative emissioni in classi, rendendoli cos\u00ec confrontabili tra loro.<br><\/p>\n\n\n\n<p><strong>Esempio di calcolo: La lama a settori 2011 di LUTZ BLADES<\/strong><br><\/p>\n\n\n\n<p>La lama a settori 2011 di LUTZ BLADES \u00e8 realizzata in acciaio inossidabile o acciaio al carbonio. Viene utilizzata per tagliare tappeti e pellicole, nonch\u00e9 per spellare cavi, ed \u00e8 dotata di segmenti a spezzare.<br>versehen.<br> <br>Come base per il calcolo sono state utilizzate 150 lame in acciaio al carbonio. Con una lunghezza di 100,00 mm, una larghezza di 17,70 mm e uno spessore di 0,5 mm, hanno un peso del materiale di 1 kg.  <br> <br>Per il calcolo del PCF sono state utilizzate le emissioni prodotte negli Scope 1 e 2, nonch\u00e9 le emissioni proporzionali dello Scope 3, per quanto note.<br> <br><strong>Il valore medio del PCF ponderato in base alla quantit\u00e0 per questa lama \u00e8 di 4,62 per chilo.<\/strong><\/p>\n\n<\/div><\/div>\n\n<div class=\"gb-grid-column gb-grid-column-be5efc82\"><div class=\"gb-container gb-container-be5efc82\">\n\n<figure class=\"gb-block-image gb-block-image-5f802ddd\"><img loading=\"lazy\" decoding=\"async\" width=\"642\" height=\"332\" class=\"gb-image gb-image-5f802ddd\" src=\"https:\/\/lutz-blades.com\/wp-content\/uploads\/Klingenbox-Eco-Plus.png\" alt=\"\"  srcset=\"https:\/\/lutz-blades.com\/wp-content\/uploads\/Klingenbox-Eco-Plus.png 642w, https:\/\/lutz-blades.com\/wp-content\/uploads\/Klingenbox-Eco-Plus-300x155.png 300w\" sizes=\"auto, (max-width: 642px) 100vw, 642px\" \/><\/figure>\n\n<\/div><\/div>\n<\/div>\n<\/div>\n<\/section>\n\n<section class=\"gb-container gb-container-ec146c71 invert gb-container-brand-gradient-half\">\n<div class=\"gb-grid-wrapper gb-grid-wrapper-032f90bf\">\n<div class=\"gb-grid-column gb-grid-column-c98d2d66\"><div class=\"gb-container gb-container-c98d2d66\" data-aos=\"fade-right\">\n\n<div class=\"wp-block-pixel-headline headlines is-subheadline-bottom has-text-align-left\"><h2 class=\"headline\" style=\"color:\">Cosa siamo gi\u00e0 riusciti a ottenere<\/h2><\/div>\n\n\n\n<p>Abbiamo integrato saldamente lo standard internazionale ISO 14001 nei nostri processi aziendali, creando cos\u00ec la base per una gestione sistematica dei nostri temi di rilevanza ecologica. Nel corso dell&#8217;implementazione, abbiamo raccolto dati completi sui consumi di energia e risorse, nonch\u00e9 sulle emissioni. Questi dati costituiscono la base per obiettivi ben definiti e consentono una misurazione trasparente dei nostri progressi.  <\/p>\n\n\n\n<p><\/p>\n\n\n\n<p>I risultati ottenuti sono gi\u00e0 visibili: abbiamo aumentato la quota di riciclo dei rifiuti del 18%, introdotto la carta riciclata in tutta l&#8217;azienda e ottimizzato il consumo energetico in settori quali la domotica industriale, la produzione di aria compressa e l&#8217;illuminazione. Nel nostro reparto di stampaggio a iniezione produciamo imballaggi per le nostre lame che sono riciclabili fino al 100% e contengono fino al 49% di materiale riciclato; inoltre, ricicliamo le materie plastiche direttamente nel circuito interno. <\/p>\n\n\n\n<p><\/p>\n\n\n\n<p>Nel 2025 abbiamo pubblicato internamente il nostro primo rapporto di sostenibilit\u00e0 basato sul Voluntary Sustainable Reporting Standard (VSME), per presentare in modo trasparente le nostre misure e i nostri obiettivi. La nostra responsabilit\u00e0 comprende anche la gestione della catena di fornitura. Per questo motivo, abbiamo stabilito sia un Codice di condotta per i fornitori sia un codice di condotta interno.  <\/p>\n\n<\/div><\/div>\n<\/div>\n<\/section>\n\n<section class=\"gb-container gb-container-e80894ba gb-container-grau\" id=\"Kontakt\"><a class=\"gb-container-link\" href=\"https:\/\/lutz-blades.com\/wp-content\/uploads\/DIN_EN_ISO_50001-2018_2023_de.pdf\"><\/a>\n<div class=\"gb-container gb-container-42a512ca\">\n\t\t\t\t<div id=\"kontakt\" class=\"contact-form is-style-address gb-grid-wrapper \" >\n\n\t\t\t\t\t\t\t\t\t\t\t<div class=\"contact-form-head gb-grid-column\" style=\"width: 100%;\" data-aos=\"fade-right\">\n\t\t\t\t\t\t\t<div class=\"wp-block-pixel-headline headlines is-subheadline-bottom is-h1 has-text-align-left\">\n\t\t\t\t\t\t\t\t<h2 class=\"headline is-h2\">\n\t\t\t\t\t\t\t\t\tAvete altre domande?\t\t\t\t\t\t\t\t<\/h2>\n\t\t\t\t\t\t\t\t<span class=\"subheadline\">Siamo lieti di potervi aiutare ulteriormente<\/span>\n\t\t\t\t\t\t\t<\/div>\n\t\t\t\t\t\t<\/div>\n\t\t\t\t\t\n\t\t\t\t\t\t\t\t\t\t\t<address class=\"address address-lutz contact-form-side gb-grid-column\" data-aos=\"fade-right\">\n                            \n\t\t\t\t\t\t\t                                <div class=\"address-head\">\n                                    <span class=\"address-line address-name\">LUTZ GmbH &amp; Co KG<\/span>\n                                <\/div>\n                                <div class=\"address-location\">\n                                    <span class=\"address-line address-street\">Piepersberg 20<\/span>\n                                    <span class=\"address-line address-city address-city\">42653 Solingen<\/span>\n                                    <span class=\"address-line address-country\">Germania<\/span>\n                                <\/div>\n                                <div class=\"address-contact\">\n                                    <span class=\"address-line address-phone\"><strong>Tel.:<\/strong> <a href=\"tel:+4921259660\" target=\"_blank\" rel=\"nofollow\">+49 212 5966-0<\/a><\/span>\t\n                                    <span class=\"address-line address-mail\"><strong>E-mail: <\/strong><a href=\"mailto:sa%6ce&#115;&#64;&#108;u&#116;%7a%2d%62%6cade%73.&#99;&#111;%6d\" target=\"_blank\">sales@lutz-blades.com<\/a> <\/span>\n                                <\/div>\n                            \t\t\t\t\t\t<\/address>\n\t\t\t\t\t\n\t\t\t\t\t\t\t\n\t\t\t\t\t<div class=\"contact-form-main gb-grid-column\" data-aos=\"fade-left\">\n\t\t\t\t\t\t\n<div class=\"wpcf7 no-js\" id=\"wpcf7-f8217-o1\" lang=\"it-IT\" dir=\"ltr\" data-wpcf7-id=\"8217\">\n<div class=\"screen-reader-response\"><p role=\"status\" aria-live=\"polite\" aria-atomic=\"true\"><\/p> <ul><\/ul><\/div>\n<form action=\"\/it\/wp-json\/wp\/v2\/pages\/111201#wpcf7-f8217-o1\" method=\"post\" class=\"wpcf7-form init\" aria-label=\"Modulo di contatto\" novalidate=\"novalidate\" data-status=\"init\">\n<fieldset class=\"hidden-fields-container\"><input type=\"hidden\" name=\"_wpcf7\" value=\"8217\" \/><input type=\"hidden\" name=\"_wpcf7_version\" value=\"6.1.5\" \/><input type=\"hidden\" name=\"_wpcf7_locale\" value=\"it_IT\" \/><input type=\"hidden\" name=\"_wpcf7_unit_tag\" value=\"wpcf7-f8217-o1\" \/><input type=\"hidden\" name=\"_wpcf7_container_post\" value=\"0\" \/><input type=\"hidden\" name=\"_wpcf7_posted_data_hash\" value=\"\" \/><input type=\"hidden\" name=\"_wpcf7cf_hidden_group_fields\" value=\"[]\" \/><input type=\"hidden\" name=\"_wpcf7cf_hidden_groups\" value=\"[]\" \/><input type=\"hidden\" name=\"_wpcf7cf_visible_groups\" value=\"[]\" \/><input type=\"hidden\" name=\"_wpcf7cf_repeaters\" value=\"[]\" \/><input type=\"hidden\" name=\"_wpcf7cf_steps\" value=\"{}\" \/><input type=\"hidden\" name=\"_wpcf7cf_options\" value=\"{&quot;form_id&quot;:8217,&quot;conditions&quot;:[],&quot;settings&quot;:{&quot;animation&quot;:&quot;no&quot;,&quot;animation_intime&quot;:&quot;200&quot;,&quot;animation_outtime&quot;:&quot;200&quot;,&quot;conditions_ui&quot;:&quot;normal&quot;,&quot;notice_dismissed&quot;:&quot;&quot;,&quot;regex_numeric&quot;:&quot;^[0-9]+$&quot;,&quot;regex_alphabetic&quot;:&quot;^[a-zA-Z]+$&quot;,&quot;regex_alphanumeric&quot;:&quot;^[a-zA-Z0-9]+$&quot;,&quot;regex_date&quot;:&quot;^(0?[1-9]|1[012])[- .](0?[1-9]|[12][0-9]|3[01])[- \\\/.](19|20)?[0-9]{2}$&quot;,&quot;regex_email&quot;:&quot;^[a-zA-Z0-9._%-]+@[a-zA-Z0-9.-]+.[a-zA-Z]{2,4}$&quot;,&quot;regex_numeric_label&quot;:&quot;numeric&quot;,&quot;regex_alphabetic_label&quot;:&quot;alphabetic&quot;,&quot;regex_alphanumeric_label&quot;:&quot;alphanumeric&quot;,&quot;regex_date_label&quot;:&quot;date&quot;,&quot;regex_email_label&quot;:&quot;email&quot;,&quot;regex_custom_1&quot;:&quot;&quot;,&quot;regex_custom_2&quot;:&quot;&quot;,&quot;regex_custom_3&quot;:&quot;&quot;,&quot;regex_custom_4&quot;:&quot;&quot;,&quot;regex_custom_5&quot;:&quot;&quot;,&quot;regex_custom_1_label&quot;:&quot;custom 1&quot;,&quot;regex_custom_2_label&quot;:&quot;custom 2&quot;,&quot;regex_custom_3_label&quot;:&quot;custom 3&quot;,&quot;regex_custom_4_label&quot;:&quot;custom 4&quot;,&quot;regex_custom_5_label&quot;:&quot;custom 5&quot;}}\" \/><input type=\"hidden\" name=\"_wpcf7dtx_version\" value=\"5.0.5\" \/>\n<\/fieldset>\n<input class=\"wpcf7-form-control wpcf7-hidden\" value=\"sales@lutz-blades.com\" type=\"hidden\" name=\"recipient\" \/>\n<div class=\"form-field\"><span class=\"wpcf7-form-control-wrap\" data-name=\"clientname\"><input size=\"40\" maxlength=\"400\" class=\"wpcf7-form-control wpcf7-text\" id=\"form-name\" autocomplete=\"name\" aria-invalid=\"false\" placeholder=\"Nome\" value=\"\" type=\"text\" name=\"clientname\" \/><\/span><\/div>\n<div class=\"form-field\"><span class=\"wpcf7-form-control-wrap\" data-name=\"email\"><input size=\"40\" maxlength=\"400\" class=\"wpcf7-form-control wpcf7-email wpcf7-validates-as-required wpcf7-text wpcf7-validates-as-email\" id=\"form-email\" autocomplete=\"email\" aria-required=\"true\" aria-invalid=\"false\" placeholder=\"Email*\" value=\"\" type=\"email\" name=\"email\" \/><\/span><\/div>\n<div class=\"form-field\"><span class=\"wpcf7-form-control-wrap\" data-name=\"organization\"><input size=\"40\" maxlength=\"400\" class=\"wpcf7-form-control wpcf7-text\" id=\"form-organization\" autocomplete=\"organization\" aria-invalid=\"false\" placeholder=\"Azienda\" value=\"\" type=\"text\" name=\"organization\" \/><\/span><\/div>\n<div class=\"form-field\"><span class=\"wpcf7-form-control-wrap\" data-name=\"tel\"><input size=\"40\" maxlength=\"400\" class=\"wpcf7-form-control wpcf7-text\" id=\"form-tel\" autocomplete=\"tel\" aria-invalid=\"false\" placeholder=\"Telefono\" value=\"\" type=\"text\" name=\"tel\" \/><\/span><\/div>\n<div class=\"form-field full\"><span class=\"wpcf7-form-control-wrap\" data-name=\"message\"><textarea cols=\"40\" rows=\"10\" maxlength=\"2000\" class=\"wpcf7-form-control wpcf7-textarea wpcf7-validates-as-required\" id=\"form-message\" aria-required=\"true\" aria-invalid=\"false\" placeholder=\"La vostra preoccupazione\" name=\"message\"><\/textarea><\/span><\/div>\n<div class=\"form-field full note\">I campi contrassegnati con * sono obbligatori<\/div>\n<div class=\"form-field footer full\"><span class=\"wpcf7-form-control-wrap\" data-name=\"ds\"><span class=\"wpcf7-form-control wpcf7-acceptance\"><span class=\"wpcf7-list-item\"><label><input type=\"checkbox\" name=\"ds\" value=\"1\" aria-invalid=\"false\" \/><span class=\"wpcf7-list-item-label\">Ho preso nota dell&#8217;<a href=\"\/it\/protezione-dei-dati\/\" target=\"_blank\">informativa sulla privacy<\/a>.<\/span><\/label><\/span><\/span><\/span><input class=\"wpcf7-form-control wpcf7-submit has-spinner\" type=\"submit\" value=\"Inviare\" \/><\/div><p style=\"display: none !important;\" class=\"akismet-fields-container\" data-prefix=\"_wpcf7_ak_\"><label>&#916;<textarea name=\"_wpcf7_ak_hp_textarea\" cols=\"45\" rows=\"8\" maxlength=\"100\"><\/textarea><\/label><input type=\"hidden\" id=\"ak_js_1\" name=\"_wpcf7_ak_js\" value=\"30\"\/><script>document.getElementById( \"ak_js_1\" ).setAttribute( \"value\", ( new Date() ).getTime() );<\/script><\/p><input type='hidden' class='wpcf7-pum' value='{\"closepopup\":false,\"closedelay\":0,\"openpopup\":false,\"openpopup_id\":0}' \/><div class=\"wpcf7-response-output\" aria-hidden=\"true\"><\/div>\n<\/form>\n<\/div>\n\t\t\t\t\t<\/div> \n\t\t\n\t\t\t\t<\/div>\n\t\t\t\n<\/div>\n<\/section>","protected":false},"excerpt":{"rendered":"<p>Ci assumiamo le nostre responsabilit\u00e0 strutturando la produzione e la catena del valore in modo da utilizzare le risorse in modo efficiente ed evitare sprechi. Il nostro obiettivo \u00e8 ridurre a lungo termine l&#8217;impatto dei nostri prodotti e della loro fabbricazione. Per farlo, analizziamo e ottimizziamo continuamente i nostri processi, attuiamo misure mirate e continuiamo &#8230; <\/p>\n<p class=\"read-more-container\"><a title=\"Strategia ambientale\" class=\"read-more button\" href=\"https:\/\/lutz-blades.com\/it\/lame-lutz-allinterno\/strategia-ambientale\/#more-111201\" aria-label=\"Per saperne di pi\u00f9 su Strategia ambientale\">weiterlesen<\/a><\/p>\n","protected":false},"author":1,"featured_media":0,"parent":7707,"menu_order":2,"comment_status":"closed","ping_status":"closed","template":"","meta":{"_acf_changed":false,"footnotes":""},"class_list":{"0":"post-111201","1":"page","2":"type-page","3":"status-publish","5":"no-featured-image-padding"},"acf":[],"yoast_head":"<!-- This site is optimized with the Yoast SEO plugin v27.4 - https:\/\/yoast.com\/product\/yoast-seo-wordpress\/ -->\n<title>Sostenibilit\u00e0 presso LUTZ BLADES - ECO PLUS<\/title>\n<meta name=\"robots\" content=\"index, follow, max-snippet:-1, max-image-preview:large, max-video-preview:-1\" \/>\n<link rel=\"canonical\" href=\"https:\/\/lutz-blades.com\/it\/lame-lutz-allinterno\/strategia-ambientale\/\" \/>\n<meta property=\"og:locale\" content=\"it_IT\" \/>\n<meta property=\"og:type\" content=\"article\" \/>\n<meta property=\"og:title\" content=\"Sostenibilit\u00e0 presso LUTZ BLADES - ECO PLUS\" \/>\n<meta property=\"og:description\" content=\"Ci assumiamo le nostre responsabilit\u00e0 strutturando la produzione e la catena del valore in modo da utilizzare le risorse in modo efficiente ed evitare sprechi. Il nostro obiettivo \u00e8 ridurre a lungo termine l&#8217;impatto dei nostri prodotti e della loro fabbricazione. Per farlo, analizziamo e ottimizziamo continuamente i nostri processi, attuiamo misure mirate e continuiamo ... weiterlesen\" \/>\n<meta property=\"og:url\" content=\"https:\/\/lutz-blades.com\/it\/lame-lutz-allinterno\/strategia-ambientale\/\" \/>\n<meta property=\"og:site_name\" content=\"LUTZ BLADES exactly\" \/>\n<meta property=\"article:modified_time\" content=\"2026-04-27T13:10:37+00:00\" \/>\n<meta property=\"og:image\" content=\"https:\/\/lutz-blades.com\/wp-content\/uploads\/diagram-3.png\" \/>\n<meta name=\"twitter:card\" content=\"summary_large_image\" \/>\n<meta name=\"twitter:label1\" content=\"Tempo di lettura stimato\" \/>\n\t<meta name=\"twitter:data1\" content=\"7 minuti\" \/>\n<script type=\"application\/ld+json\" class=\"yoast-schema-graph\">{\"@context\":\"https:\\\/\\\/schema.org\",\"@graph\":[{\"@type\":\"WebPage\",\"@id\":\"https:\\\/\\\/lutz-blades.com\\\/it\\\/lame-lutz-allinterno\\\/strategia-ambientale\\\/\",\"url\":\"https:\\\/\\\/lutz-blades.com\\\/it\\\/lame-lutz-allinterno\\\/strategia-ambientale\\\/\",\"name\":\"Sostenibilit\u00e0 presso LUTZ BLADES - ECO PLUS\",\"isPartOf\":{\"@id\":\"https:\\\/\\\/lutz-blades.com\\\/it\\\/#website\"},\"primaryImageOfPage\":{\"@id\":\"https:\\\/\\\/lutz-blades.com\\\/it\\\/lame-lutz-allinterno\\\/strategia-ambientale\\\/#primaryimage\"},\"image\":{\"@id\":\"https:\\\/\\\/lutz-blades.com\\\/it\\\/lame-lutz-allinterno\\\/strategia-ambientale\\\/#primaryimage\"},\"thumbnailUrl\":\"https:\\\/\\\/lutz-blades.com\\\/wp-content\\\/uploads\\\/diagram-3.png\",\"datePublished\":\"2026-04-23T12:18:18+00:00\",\"dateModified\":\"2026-04-27T13:10:37+00:00\",\"breadcrumb\":{\"@id\":\"https:\\\/\\\/lutz-blades.com\\\/it\\\/lame-lutz-allinterno\\\/strategia-ambientale\\\/#breadcrumb\"},\"inLanguage\":\"it-IT\",\"potentialAction\":[{\"@type\":\"ReadAction\",\"target\":[\"https:\\\/\\\/lutz-blades.com\\\/it\\\/lame-lutz-allinterno\\\/strategia-ambientale\\\/\"]}]},{\"@type\":\"ImageObject\",\"inLanguage\":\"it-IT\",\"@id\":\"https:\\\/\\\/lutz-blades.com\\\/it\\\/lame-lutz-allinterno\\\/strategia-ambientale\\\/#primaryimage\",\"url\":\"https:\\\/\\\/lutz-blades.com\\\/wp-content\\\/uploads\\\/diagram-3.png\",\"contentUrl\":\"https:\\\/\\\/lutz-blades.com\\\/wp-content\\\/uploads\\\/diagram-3.png\"},{\"@type\":\"BreadcrumbList\",\"@id\":\"https:\\\/\\\/lutz-blades.com\\\/it\\\/lame-lutz-allinterno\\\/strategia-ambientale\\\/#breadcrumb\",\"itemListElement\":[{\"@type\":\"ListItem\",\"position\":1,\"name\":\"Startseite\",\"item\":\"https:\\\/\\\/lutz-blades.com\\\/it\\\/\"},{\"@type\":\"ListItem\",\"position\":2,\"name\":\"Lame Lutz all&#8217;interno\",\"item\":\"https:\\\/\\\/lutz-blades.com\\\/it\\\/lame-lutz-allinterno\\\/\"},{\"@type\":\"ListItem\",\"position\":3,\"name\":\"Strategia ambientale\"}]},{\"@type\":\"WebSite\",\"@id\":\"https:\\\/\\\/lutz-blades.com\\\/it\\\/#website\",\"url\":\"https:\\\/\\\/lutz-blades.com\\\/it\\\/\",\"name\":\"LUTZ BLADES exactly\",\"description\":\"\",\"publisher\":{\"@id\":\"https:\\\/\\\/lutz-blades.com\\\/it\\\/#organization\"},\"potentialAction\":[{\"@type\":\"SearchAction\",\"target\":{\"@type\":\"EntryPoint\",\"urlTemplate\":\"https:\\\/\\\/lutz-blades.com\\\/it\\\/?s={search_term_string}\"},\"query-input\":{\"@type\":\"PropertyValueSpecification\",\"valueRequired\":true,\"valueName\":\"search_term_string\"}}],\"inLanguage\":\"it-IT\"},{\"@type\":\"Organization\",\"@id\":\"https:\\\/\\\/lutz-blades.com\\\/it\\\/#organization\",\"name\":\"LUTZ BLADES exactly\",\"url\":\"https:\\\/\\\/lutz-blades.com\\\/it\\\/\",\"logo\":{\"@type\":\"ImageObject\",\"inLanguage\":\"it-IT\",\"@id\":\"https:\\\/\\\/lutz-blades.com\\\/it\\\/#\\\/schema\\\/logo\\\/image\\\/\",\"url\":\"https:\\\/\\\/lutz-blades.com\\\/wp-content\\\/uploads\\\/lutz-blades-logo.svg\",\"contentUrl\":\"https:\\\/\\\/lutz-blades.com\\\/wp-content\\\/uploads\\\/lutz-blades-logo.svg\",\"width\":240,\"height\":66,\"caption\":\"LUTZ BLADES exactly\"},\"image\":{\"@id\":\"https:\\\/\\\/lutz-blades.com\\\/it\\\/#\\\/schema\\\/logo\\\/image\\\/\"}}]}<\/script>\n<!-- \/ Yoast SEO plugin. -->","yoast_head_json":{"title":"Sostenibilit\u00e0 presso LUTZ BLADES - ECO PLUS","robots":{"index":"index","follow":"follow","max-snippet":"max-snippet:-1","max-image-preview":"max-image-preview:large","max-video-preview":"max-video-preview:-1"},"canonical":"https:\/\/lutz-blades.com\/it\/lame-lutz-allinterno\/strategia-ambientale\/","og_locale":"it_IT","og_type":"article","og_title":"Sostenibilit\u00e0 presso LUTZ BLADES - ECO PLUS","og_description":"Ci assumiamo le nostre responsabilit\u00e0 strutturando la produzione e la catena del valore in modo da utilizzare le risorse in modo efficiente ed evitare sprechi. Il nostro obiettivo \u00e8 ridurre a lungo termine l&#8217;impatto dei nostri prodotti e della loro fabbricazione. Per farlo, analizziamo e ottimizziamo continuamente i nostri processi, attuiamo misure mirate e continuiamo ... weiterlesen","og_url":"https:\/\/lutz-blades.com\/it\/lame-lutz-allinterno\/strategia-ambientale\/","og_site_name":"LUTZ BLADES exactly","article_modified_time":"2026-04-27T13:10:37+00:00","og_image":[{"url":"https:\/\/lutz-blades.com\/wp-content\/uploads\/diagram-3.png","type":"","width":"","height":""}],"twitter_card":"summary_large_image","twitter_misc":{"Tempo di lettura stimato":"7 minuti"},"schema":{"@context":"https:\/\/schema.org","@graph":[{"@type":"WebPage","@id":"https:\/\/lutz-blades.com\/it\/lame-lutz-allinterno\/strategia-ambientale\/","url":"https:\/\/lutz-blades.com\/it\/lame-lutz-allinterno\/strategia-ambientale\/","name":"Sostenibilit\u00e0 presso LUTZ BLADES - ECO PLUS","isPartOf":{"@id":"https:\/\/lutz-blades.com\/it\/#website"},"primaryImageOfPage":{"@id":"https:\/\/lutz-blades.com\/it\/lame-lutz-allinterno\/strategia-ambientale\/#primaryimage"},"image":{"@id":"https:\/\/lutz-blades.com\/it\/lame-lutz-allinterno\/strategia-ambientale\/#primaryimage"},"thumbnailUrl":"https:\/\/lutz-blades.com\/wp-content\/uploads\/diagram-3.png","datePublished":"2026-04-23T12:18:18+00:00","dateModified":"2026-04-27T13:10:37+00:00","breadcrumb":{"@id":"https:\/\/lutz-blades.com\/it\/lame-lutz-allinterno\/strategia-ambientale\/#breadcrumb"},"inLanguage":"it-IT","potentialAction":[{"@type":"ReadAction","target":["https:\/\/lutz-blades.com\/it\/lame-lutz-allinterno\/strategia-ambientale\/"]}]},{"@type":"ImageObject","inLanguage":"it-IT","@id":"https:\/\/lutz-blades.com\/it\/lame-lutz-allinterno\/strategia-ambientale\/#primaryimage","url":"https:\/\/lutz-blades.com\/wp-content\/uploads\/diagram-3.png","contentUrl":"https:\/\/lutz-blades.com\/wp-content\/uploads\/diagram-3.png"},{"@type":"BreadcrumbList","@id":"https:\/\/lutz-blades.com\/it\/lame-lutz-allinterno\/strategia-ambientale\/#breadcrumb","itemListElement":[{"@type":"ListItem","position":1,"name":"Startseite","item":"https:\/\/lutz-blades.com\/it\/"},{"@type":"ListItem","position":2,"name":"Lame Lutz all&#8217;interno","item":"https:\/\/lutz-blades.com\/it\/lame-lutz-allinterno\/"},{"@type":"ListItem","position":3,"name":"Strategia ambientale"}]},{"@type":"WebSite","@id":"https:\/\/lutz-blades.com\/it\/#website","url":"https:\/\/lutz-blades.com\/it\/","name":"LUTZ BLADES exactly","description":"","publisher":{"@id":"https:\/\/lutz-blades.com\/it\/#organization"},"potentialAction":[{"@type":"SearchAction","target":{"@type":"EntryPoint","urlTemplate":"https:\/\/lutz-blades.com\/it\/?s={search_term_string}"},"query-input":{"@type":"PropertyValueSpecification","valueRequired":true,"valueName":"search_term_string"}}],"inLanguage":"it-IT"},{"@type":"Organization","@id":"https:\/\/lutz-blades.com\/it\/#organization","name":"LUTZ BLADES exactly","url":"https:\/\/lutz-blades.com\/it\/","logo":{"@type":"ImageObject","inLanguage":"it-IT","@id":"https:\/\/lutz-blades.com\/it\/#\/schema\/logo\/image\/","url":"https:\/\/lutz-blades.com\/wp-content\/uploads\/lutz-blades-logo.svg","contentUrl":"https:\/\/lutz-blades.com\/wp-content\/uploads\/lutz-blades-logo.svg","width":240,"height":66,"caption":"LUTZ BLADES exactly"},"image":{"@id":"https:\/\/lutz-blades.com\/it\/#\/schema\/logo\/image\/"}}]}},"_links":{"self":[{"href":"https:\/\/lutz-blades.com\/it\/wp-json\/wp\/v2\/pages\/111201","targetHints":{"allow":["GET"]}}],"collection":[{"href":"https:\/\/lutz-blades.com\/it\/wp-json\/wp\/v2\/pages"}],"about":[{"href":"https:\/\/lutz-blades.com\/it\/wp-json\/wp\/v2\/types\/page"}],"author":[{"embeddable":true,"href":"https:\/\/lutz-blades.com\/it\/wp-json\/wp\/v2\/users\/1"}],"replies":[{"embeddable":true,"href":"https:\/\/lutz-blades.com\/it\/wp-json\/wp\/v2\/comments?post=111201"}],"version-history":[{"count":2,"href":"https:\/\/lutz-blades.com\/it\/wp-json\/wp\/v2\/pages\/111201\/revisions"}],"predecessor-version":[{"id":111209,"href":"https:\/\/lutz-blades.com\/it\/wp-json\/wp\/v2\/pages\/111201\/revisions\/111209"}],"up":[{"embeddable":true,"href":"https:\/\/lutz-blades.com\/it\/wp-json\/wp\/v2\/pages\/7707"}],"wp:attachment":[{"href":"https:\/\/lutz-blades.com\/it\/wp-json\/wp\/v2\/media?parent=111201"}],"curies":[{"name":"wp","href":"https:\/\/api.w.org\/{rel}","templated":true}]}}