{"id":71945,"date":"2024-08-22T10:37:32","date_gmt":"2024-08-22T08:37:32","guid":{"rendered":"https:\/\/lutz-blades.com\/lutz-blades-a-linterieur\/durabilite-eco-plus\/"},"modified":"2025-09-05T11:23:19","modified_gmt":"2025-09-05T09:23:19","slug":"durabilite-eco-plus","status":"publish","type":"page","link":"https:\/\/lutz-blades.com\/fr\/lutz-blades-a-linterieur\/durabilite-eco-plus\/","title":{"rendered":"Durabilit\u00e9 ECO-PLUS"},"content":{"rendered":"\n\t\t\t       \n            \n            <div class=\"hero hero-d6ce2df4 sub\" data-slides=\"1\" data-start=\"0\">\n\t\t\t\t\n\t\t\t\t\t\t\t\t\n\t\t\t\t<div class=\"acf-innerblocks-container\">\n\r\n\t\t\t       \r\n                    \r\n            <div class=\"hero-slide hero-slide-cf78a907 is-style-image\">\r\n\t\t\t\t<div class=\"hero-canvas\" data-aos=\"fade-right\">\r\n\t\t\t\t\t<h1 class=\"hero-headline\">Le d\u00e9veloppement durable chez Lutz Blades : plus qu&rsquo;un projet<\/h1>\t\t\t\t\t\t\t\t\t\t\t\t\t\t<\/div>\r\n\t\t\t\t<div class=\"hero-media hero-media-image\" data-aos=\"fade-left\"><img loading=\"lazy\" decoding=\"async\" width=\"1920\" height=\"1280\" src=\"https:\/\/lutz-blades.com\/wp-content\/uploads\/header_eco-plus.jpg\" class=\"attachment-full size-full\" alt=\"\" srcset=\"https:\/\/lutz-blades.com\/wp-content\/uploads\/header_eco-plus.jpg 1920w, https:\/\/lutz-blades.com\/wp-content\/uploads\/header_eco-plus-300x200.jpg 300w, https:\/\/lutz-blades.com\/wp-content\/uploads\/header_eco-plus-1024x683.jpg 1024w, https:\/\/lutz-blades.com\/wp-content\/uploads\/header_eco-plus-768x512.jpg 768w, https:\/\/lutz-blades.com\/wp-content\/uploads\/header_eco-plus-1536x1024.jpg 1536w, https:\/\/lutz-blades.com\/wp-content\/uploads\/header_eco-plus-750x500.jpg 750w\" sizes=\"auto, (max-width: 1920px) 100vw, 1920px\" \/><\/div>            <\/div>\r\n\t\t\t\t\r\n            \t\t\t\r\n\t\t\t\r\n\r\n\r\n            \n<\/div>\n\t\t\t\t\t\t\t\t\t\t\t\t\n\t\t\t\t\t\t\t<\/div>\n\t\t\t\t\n\t\t\t\n\t\t\t        \n            <section class=\"gb-container gb-container-f420d16f gb-container-white\">\n<div class=\"gb-container gb-container-1bb3f6f5\">\n<div class=\"gb-grid-wrapper gb-grid-wrapper-0749526e raster-20-60\">\n<div class=\"gb-grid-column gb-grid-column-ca83ec8e\"><div class=\"gb-container gb-container-ca83ec8e\" data-aos=\"fade-right\">\n\n<figure class=\"gb-block-image gb-block-image-43edb748\"><img loading=\"lazy\" decoding=\"async\" width=\"300\" height=\"300\" class=\"gb-image gb-image-43edb748\" src=\"https:\/\/lutz-blades.com\/wp-content\/uploads\/logo-eco-plus.png\" alt=\"\"  srcset=\"https:\/\/lutz-blades.com\/wp-content\/uploads\/logo-eco-plus.png 300w, https:\/\/lutz-blades.com\/wp-content\/uploads\/logo-eco-plus-150x150.png 150w\" sizes=\"auto, (max-width: 300px) 100vw, 300px\" \/><\/figure>\n\n<\/div><\/div>\n\n<div class=\"gb-grid-column gb-grid-column-4ff532e4\"><div class=\"gb-container gb-container-4ff532e4\" data-aos=\"fade-right\">\n\n<div class=\"wp-block-pixel-headline headlines is-subheadline-bottom has-text-align-left\"><h2 class=\"headline\" style=\"color:\">Notre strat\u00e9gie : vers une production durable avec ECO-PLUS<br><\/h2><\/div>\n\n\n\n<p>De nos jours, il est essentiel d&rsquo;assumer une responsabilit\u00e9 \u00e9cologique, c&rsquo;est pourquoi chez LUTZ BLADES, nous travaillons constamment \u00e0 am\u00e9liorer nos impacts environnementaux et \u00e0 \u00e9viter les effets n\u00e9gatifs. Pour ce faire, nous avons mis en place ECO-PLUS, notre propre syst\u00e8me de management environnemental, et l&rsquo;avons int\u00e9gr\u00e9 dans les processus de l&rsquo;entreprise. Avec ECO-PLUS, nous nous engageons \u00e0 atteindre au mieux les objectifs environnementaux fix\u00e9s et \u00e0 mettre en \u0153uvre des mesures continues.  <br\/><br\/>Le \u00ab Plus \u00bb dans ECO-PLUS repr\u00e9sente les diff\u00e9rents domaines qui concernent chez nous l&rsquo;action \u00e9co-responsable : de la durabilit\u00e9 au recyclage, en passant par le calcul de l&#8217;empreinte carbone du produit.<\/p>\n\n<\/div><\/div>\n<\/div>\n<\/div>\n<\/section><section class=\"gb-container gb-container-d89abc98 gb-container-grau\">\n<div class=\"gb-container gb-container-ea749d80\">\n<div class=\"gb-container gb-container-c6102031\">\n\n<div class=\"wp-block-pixel-headline headlines is-subheadline-bottom has-text-align-left\"><h2 class=\"headline\" style=\"color:\">Label ECO-PLUS<\/h2><\/div>\n\n\n\n<p>Le label ECO-PLUS de LUTZ est le signe de notre engagement en mati\u00e8re de durabilit\u00e9. Nos emballages portent donc \u00e9galement ce label. En effet, les emballages ainsi marqu\u00e9s sont depuis toujours, gr\u00e2ce \u00e0 la s\u00e9paration monomat\u00e9riau des mat\u00e9riaux recyclables :  <\/p>\n\n<\/div>\n\n<div class=\"gb-grid-wrapper gb-grid-wrapper-cd2a23d3\">\n<div class=\"gb-grid-column gb-grid-column-2768c067\"><div class=\"gb-container gb-container-2768c067\" data-aos=\"fade-right\">\n<div class=\"gb-grid-wrapper gb-grid-wrapper-245bc2a9\">\n<div class=\"gb-grid-column gb-grid-column-ed737f23\"><div class=\"gb-container gb-container-ed737f23 col-green-counter\">\n\r\n\t\t\t       \r\n            \r\n            <div class=\"count-up count-up-303b12a0\">\r\n\r\n\t\t\t\t<span class=\"count-up-icon\"><img loading=\"lazy\" decoding=\"async\" width=\"65\" height=\"64\" src=\"https:\/\/lutz-blades.com\/wp-content\/uploads\/icon_plant.svg\" class=\"attachment-full size-full\" alt=\"\" \/><\/span><span id=\"count_up_303b12a0\" class=\"count-up-number\">0<\/span><span class=\"count-up-headline\">Recyclable<\/span>\t\t\r\n\t\t\t<\/div>\r\n\t\t\t\r\n\t\t\t\r\n\t\t\t\r\n\t\t\t        \r\n            \n<\/div><\/div>\n\n<div class=\"gb-grid-column gb-grid-column-124dc813\"><div class=\"gb-container gb-container-124dc813 col-green-counter\">\n\r\n\t\t\t       \r\n            \r\n            <div class=\"count-up count-up-854023ee\">\r\n\r\n\t\t\t\t<span class=\"count-up-icon\"><img loading=\"lazy\" decoding=\"async\" width=\"65\" height=\"64\" src=\"https:\/\/lutz-blades.com\/wp-content\/uploads\/icon_plant.svg\" class=\"attachment-full size-full\" alt=\"\" \/><\/span><span id=\"count_up_854023ee\" class=\"count-up-number\">0<\/span><span class=\"count-up-headline\">mati\u00e8re recycl\u00e9e<\/span>\t\t\r\n\t\t\t<\/div>\r\n\t\t\t\r\n\t\t\t\r\n\t\t\t\r\n\t\t\t        \r\n            \n<\/div><\/div>\n<\/div>\n\n\n<p>Avec le label ECO-PLUS, nous souhaitons offrir \u00e0 nos clients des solutions d&#8217;emballage durables et respectueuses de l&rsquo;environnement, tout en assumant notre responsabilit\u00e9 envers l&rsquo;\u00e9conomie circulaire. LUTZ BLADES s&rsquo;efforce de rendre les processus de l&rsquo;entreprise plus durables et d&rsquo;am\u00e9liorer continuellement les impacts environnementaux. <\/p>\n\n<\/div><\/div>\n\n<div class=\"gb-grid-column gb-grid-column-b83f778a\"><div class=\"gb-container gb-container-b83f778a\" data-aos=\"fade-right\">\n\n<figure class=\"gb-block-image gb-block-image-82966e3d\"><img decoding=\"async\" class=\"gb-image gb-image-82966e3d\" src=\"https:\/\/lutz-blades.com\/wp-content\/uploads\/dericut_packshot-Kopie-1.png\" alt=\"\" ><\/figure>\n\n<\/div><\/div>\n<\/div>\n<\/div>\n<\/section><section class=\"gb-container gb-container-758d1e7e gb-container-white\">\n<div class=\"gb-container gb-container-9caf02d7\">\n<div class=\"gb-container gb-container-0a7315d6\">\n<div class=\"gb-container gb-container-72803721\" data-aos=\"fade-right\">\n\n<div class=\"wp-block-pixel-headline headlines is-subheadline-bottom has-text-align-center\"><h2 class=\"headline\" style=\"color:\">Modules ECO-Plus<br><\/h2><\/div>\n\n\n\n<p>Chez LUTZ, nous accordons une grande importance au maintien de notre strat\u00e9gie ECO-PLUS. Notre engagement \u00e0 cet \u00e9gard se refl\u00e8te dans notre politique environnementale, nos objectifs ambitieux et les mesures prises. Les m\u00e9thodes de management existantes et int\u00e9gr\u00e9es renforcent les structures derri\u00e8re ECO-PLUS et constituent le cadre pour la d\u00e9finition de nos nombreux \u00e9l\u00e9ments constitutifs ECO-PLUS.  <\/p>\n\n<\/div>\n<\/div>\n\n<div class=\"gb-container gb-container-cdda53c8\">\n<div class=\"gb-container gb-container-512791ed\">\n<div class=\"gb-grid-wrapper gb-grid-wrapper-eeff40d7\">\n<div class=\"gb-grid-column gb-grid-column-1da1605b\"><div class=\"gb-container gb-container-1da1605b\">\n\n<figure class=\"gb-block-image gb-block-image-7883398c\"><img loading=\"lazy\" decoding=\"async\" width=\"120\" height=\"120\" class=\"gb-image gb-image-7883398c\" src=\"https:\/\/lutz-blades.com\/wp-content\/uploads\/\/icon_abfaelle.svg\" alt=\"\" ><\/figure>\n\n\n\n<div class=\"wp-block-pixel-headline headlines is-subheadline-bottom has-text-align-center\"><h3 class=\"headline\" style=\"color:\">R\u00e9duire les d\u00e9chets<\/h3><\/div>\n\n<\/div><\/div>\n\n<div class=\"gb-grid-column gb-grid-column-6f5920c1\"><div class=\"gb-container gb-container-6f5920c1\">\n\n<figure class=\"gb-block-image gb-block-image-f1788173\"><img loading=\"lazy\" decoding=\"async\" width=\"120\" height=\"120\" class=\"gb-image gb-image-f1788173\" src=\"https:\/\/lutz-blades.com\/wp-content\/uploads\/\/icon_recycling.svg\" alt=\"\" ><\/figure>\n\n\n\n<div class=\"wp-block-pixel-headline headlines is-subheadline-bottom has-text-align-center\"><h3 class=\"headline\" style=\"color:\">D\u00e9velopper le recyclage<\/h3><\/div>\n\n<\/div><\/div>\n\n<div class=\"gb-grid-column gb-grid-column-ed3ac53d\"><div class=\"gb-container gb-container-ed3ac53d\">\n\n<figure class=\"gb-block-image gb-block-image-d6fd5660\"><img loading=\"lazy\" decoding=\"async\" width=\"120\" height=\"120\" class=\"gb-image gb-image-d6fd5660\" src=\"https:\/\/lutz-blades.com\/wp-content\/uploads\/\/icon_ressourceneinsatz.svg\" alt=\"\" ><\/figure>\n\n\n\n<div class=\"wp-block-pixel-headline headlines is-subheadline-bottom has-text-align-center\"><h3 class=\"headline\" style=\"color:\">R\u00e9duire l&rsquo;utilisation des ressources<\/h3><\/div>\n\n<\/div><\/div>\n<\/div>\n<\/div>\n<\/div>\n<\/div>\n<\/section><section class=\"gb-container gb-container-6b407c69 gb-container-white\">\n<div class=\"gb-container gb-container-580f2779\">\n<div class=\"gb-grid-wrapper gb-grid-wrapper-1c5b062c\">\n<div class=\"gb-grid-column gb-grid-column-5bec8694\"><div class=\"gb-container gb-container-5bec8694\" data-aos=\"fade-right\"><\/div><\/div>\n\n<div class=\"gb-grid-column gb-grid-column-fdd1e770\"><div class=\"gb-container gb-container-fdd1e770\" data-aos=\"fade-left\">\n\n<div class=\"wp-block-pixel-headline headlines is-subheadline-bottom has-text-align-left\"><h2 class=\"headline\" style=\"color:\">Le d\u00e9veloppement durable chez LUTZ<\/h2><\/div>\n\n\n\n<p>Notre strat\u00e9gie ECO-PLUS englobe toutes les parties int\u00e9ress\u00e9es, y compris les clients, les fournisseurs, les employ\u00e9s, la soci\u00e9t\u00e9 ainsi que tous les sites. ECO-PLUS couvre toutes les activit\u00e9s, produits et services de l&rsquo;entreprise, y compris nos processus cl\u00e9s ainsi que les impacts environnementaux qui en d\u00e9coulent. Plus pr\u00e9cis\u00e9ment, pour notre site de Solingen, le champ d&rsquo;application s&rsquo;applique au d\u00e9veloppement, \u00e0 la conception, \u00e0 la fabrication et \u00e0 la distribution de syst\u00e8mes de coupe, de lames et de couteaux.  <\/p>\n\n\n\n<p>Gr\u00e2ce \u00e0 cette approche globale, nous veillons \u00e0 ce que nos impacts environnementaux soient continuellement surveill\u00e9s et am\u00e9lior\u00e9s, afin d&rsquo;apporter une contribution durable \u00e0 la protection de l&rsquo;environnement. De plus, nous assurons une action consciente et durable au sein de l&rsquo;entreprise. <\/p>\n\n<\/div><\/div>\n<\/div>\n<\/div>\n<\/section><section class=\"gb-container gb-container-ec146c71 invert gb-container-brand-gradient-half\">\n<div class=\"gb-grid-wrapper gb-grid-wrapper-032f90bf\">\n<div class=\"gb-grid-column gb-grid-column-c98d2d66\"><div class=\"gb-container gb-container-c98d2d66\" data-aos=\"fade-right\">\n\n<div class=\"wp-block-pixel-headline headlines is-subheadline-bottom has-text-align-left\"><h2 class=\"headline\" style=\"color:\">Recyclage chez LUTZ<\/h2><\/div>\n\n\n\n<p>La durabilit\u00e9 est fermement ancr\u00e9e dans nos processus de production, ce qui se manifeste particuli\u00e8rement dans notre approche du recyclage. Nous fabriquons nous-m\u00eames nos emballages, tels que la Flip-Box, le Lutz-Pack, la Pull-Box ou le SC-Container. Nos emballages sont ainsi recyclables \u00e0 100 %. Dans les processus de production, nous utilisons \u00e9galement des mat\u00e9riaux recycl\u00e9s, par exemple dans le domaine du moulage par injection, afin de minimiser les impacts environnementaux et de pr\u00e9server les ressources pr\u00e9cieuses. Lors de la fabrication de nos emballages en plastique, nous utilisons jusqu&rsquo;\u00e0 38 % de mati\u00e8re recycl\u00e9e.    <\/p>\n\n\n\n<p>Gr\u00e2ce \u00e0 notre recyclage cons\u00e9quent des mat\u00e9riaux d&#8217;emballage, nous contribuons non seulement \u00e0 la r\u00e9duction des d\u00e9chets, mais nous encourageons \u00e9galement l&rsquo;\u00e9conomie circulaire. Nos emballages sont con\u00e7us pour \u00eatre utilis\u00e9s plusieurs fois et pour \u00eatre facilement recycl\u00e9s \u00e0 la fin de leur cycle de vie. Nous apportons ainsi une contribution importante \u00e0 la durabilit\u00e9 et renfor\u00e7ons notre responsabilit\u00e9 envers l&rsquo;environnement.  <\/p>\n\n\n<div class=\"gb-container gb-container-082d7b41\">\n\n<a class=\"gb-button gb-button-e078db46 gb-button-text gb-button-orange\" href=\"https:\/\/lutz-blades.com\/wp-content\/uploads\/lutz_ecoplus_stellungnahme_de.pdf\" target=\"_blank\" rel=\"noopener noreferrer\">T\u00e9l\u00e9charger l&rsquo;avis<\/a>\n\n\n\n<a class=\"gb-button gb-button-17472edf gb-button-text gb-button-outline-weiss\" href=\"https:\/\/lutz-blades.com\/wp-content\/uploads\/DIN_EN_ISO_50001-2018_2023_de.pdf\" target=\"_blank\" rel=\"noopener noreferrer\">CERTIFICAT DE GESTION DE L&rsquo;\u00c9NERGIE<\/a>\n\n<\/div>\n<\/div><\/div>\n\n<div class=\"gb-grid-column gb-grid-column-ef4244f1\"><div class=\"gb-container gb-container-ef4244f1\" data-aos=\"fade-left\"><\/div><\/div>\n<\/div>\n<\/section><section class=\"gb-container gb-container-93fdfeb8 gb-container-grau\">\n<div class=\"gb-container gb-container-6cb8d8fd\">\n<div class=\"gb-grid-wrapper gb-grid-wrapper-adb5808f\">\n<div class=\"gb-grid-column gb-grid-column-990d4973\"><div class=\"gb-container gb-container-990d4973\">\n<div class=\"gb-container gb-container-156e59d4\">\n\n<div class=\"wp-block-pixel-headline headlines is-subheadline-bottom has-text-align-center\"><h2 class=\"headline\" style=\"color:\">Le calcul de l&#8217;empreinte carbone<\/h2><\/div>\n\n\n\n<p class=\"has-text-align-center\">Il existe diff\u00e9rentes m\u00e9thodes pour montrer les impacts que les produits ont sur l&rsquo;environnement. L&rsquo;une d&rsquo;elles est le calcul de l&#8217;empreinte carbone du produit (PCF), \u00e9galement appel\u00e9e Product Carbon Footprint. Le PCF d&rsquo;un produit d\u00e9crit l&rsquo;ensemble des \u00e9missions de CO2 qui se produisent pendant le cycle de vie du produit et se compose des scopes 1, 2 et 3.  <\/p>\n\n<\/div>\n<\/div><\/div>\n\n<div class=\"gb-grid-column gb-grid-column-4b009472\"><div class=\"gb-container gb-container-4b009472\">\n<div class=\"gb-grid-wrapper gb-grid-wrapper-99fadcd6\">\n<div class=\"gb-grid-column gb-grid-column-b88cc599\"><div class=\"gb-container gb-container-b88cc599\">\n\n<figure class=\"gb-block-image gb-block-image-65bd96d2\"><img loading=\"lazy\" decoding=\"async\" width=\"120\" height=\"120\" class=\"gb-image gb-image-65bd96d2\" src=\"https:\/\/lutz-blades.com\/wp-content\/uploads\/icon-emissions.svg\" alt=\"\" ><\/figure>\n\n\n\n<div class=\"wp-block-pixel-headline headlines is-subheadline-bottom has-text-align-center is-gap-sm\"><h3 class=\"headline\" style=\"color:\">Scope 1 : Les \u00e9missions directes<\/h3><\/div>\n\n\n\n<p class=\"has-text-align-center\">Les \u00e9missions provenant de sources propres ou contr\u00f4l\u00e9es, par exemple la combustion de combustibles fossiles dans les installations de l&rsquo;entreprise (chaudi\u00e8res, fours).<\/p>\n\n<\/div><\/div>\n\n<div class=\"gb-grid-column gb-grid-column-756621c5\"><div class=\"gb-container gb-container-756621c5\">\n\n<figure class=\"gb-block-image gb-block-image-3ecee514\"><img loading=\"lazy\" decoding=\"async\" width=\"120\" height=\"120\" class=\"gb-image gb-image-3ecee514\" src=\"https:\/\/lutz-blades.com\/wp-content\/uploads\/icon-energy.svg\" alt=\"\" ><\/figure>\n\n\n\n<div class=\"wp-block-pixel-headline headlines is-subheadline-bottom has-text-align-center is-gap-sm\"><h3 class=\"headline\" style=\"color:\">Scope 2 : Les \u00e9missions indirectes li\u00e9es \u00e0 la consommation d&rsquo;\u00e9nergie<\/h3><\/div>\n\n\n\n<p class=\"has-text-align-center\">Les \u00e9missions li\u00e9es \u00e0 l&rsquo;\u00e9nergie achet\u00e9e, par exemple celles qui se produisent lors de la production d&rsquo;\u00e9lectricit\u00e9 achet\u00e9e.<\/p>\n\n<\/div><\/div>\n\n<div class=\"gb-grid-column gb-grid-column-79b29229\"><div class=\"gb-container gb-container-79b29229\">\n\n<figure class=\"gb-block-image gb-block-image-48ed418a\"><img loading=\"lazy\" decoding=\"async\" width=\"120\" height=\"120\" class=\"gb-image gb-image-48ed418a\" src=\"https:\/\/lutz-blades.com\/wp-content\/uploads\/icon-value-chain.svg\" alt=\"\" ><\/figure>\n\n\n\n<div class=\"wp-block-pixel-headline headlines is-subheadline-bottom has-text-align-center is-gap-sm\"><h3 class=\"headline\" style=\"color:\">Scope 3 : Les \u00e9missions indirectes de la cha\u00eene de valeur<\/h3><\/div>\n\n\n\n<p class=\"has-text-align-center\">Les \u00e9missions en amont et en aval qui ne sont pas directement contr\u00f4l\u00e9es par l&rsquo;entreprise, par exemple l&rsquo;approvisionnement en mati\u00e8res premi\u00e8res ou les activit\u00e9s des fournisseurs.<\/p>\n\n<\/div><\/div>\n<\/div>\n<\/div><\/div>\n<\/div>\n<\/div>\n<\/section><section class=\"gb-container gb-container-71b7f48e\">\n<div class=\"gb-container gb-container-9ed16566 gb-container-white\">\n<div class=\"gb-grid-wrapper gb-grid-wrapper-7a6ab449\">\n<div class=\"gb-grid-column gb-grid-column-221a6054\"><div class=\"gb-container gb-container-221a6054\">\n\n<div class=\"wp-block-pixel-headline headlines is-subheadline-bottom has-text-align-left\"><h2 class=\"headline\" style=\"color:\">PCF montre les \u00e9missions :<br>Exemple de lame s\u00e9cable de LUTZ BLADES<\/h2><\/div>\n\n\n\n<p>Gr\u00e2ce au calcul du PCF, il est possible de classer les produits et les \u00e9missions qui y sont li\u00e9es et de les rendre ainsi comparables.<br\/><\/p>\n\n\n\n<p><strong>Exemple de calcul : La lame s\u00e9cable 2011 de LUTZ BLADES<\/strong><br\/><\/p>\n\n\n\n<p>La lame s\u00e9cable 2011 de LUTZ BLADES est en acier inoxydable ou en acier au carbone. Elle est utilis\u00e9e pour couper les tapis et les films ainsi que pour d\u00e9nuder les c\u00e2bles et est munie de segments s\u00e9cables.<br\/> <br\/>La base de calcul \u00e9tait de 150 lames en acier au carbone. Avec une longueur de 100,00 mm, une largeur de 17,70 mm et une \u00e9paisseur de 0,5 mm, elles ont un poids de mat\u00e9riau de 1 kg.  <br\/> <br\/>Pour le calcul du PCF, les \u00e9missions r\u00e9sultant des scopes 1 et 2 ainsi que les \u00e9missions proportionnelles du scope 3, dans la mesure o\u00f9 elles sont connues, ont \u00e9t\u00e9 utilis\u00e9es.<br\/> <br\/><strong>La valeur PCF moyenne pond\u00e9r\u00e9e en fonction de la quantit\u00e9 de cette lame est de 4,62 par kilo.<\/strong><\/p>\n\n<\/div><\/div>\n\n<div class=\"gb-grid-column gb-grid-column-be5efc82\"><div class=\"gb-container gb-container-be5efc82\">\n\n<figure class=\"gb-block-image gb-block-image-5f802ddd\"><img loading=\"lazy\" decoding=\"async\" width=\"642\" height=\"332\" class=\"gb-image gb-image-5f802ddd\" src=\"https:\/\/lutz-blades.com\/wp-content\/uploads\/Klingenbox-Eco-Plus.png\" alt=\"\"  srcset=\"https:\/\/lutz-blades.com\/wp-content\/uploads\/Klingenbox-Eco-Plus.png 642w, https:\/\/lutz-blades.com\/wp-content\/uploads\/Klingenbox-Eco-Plus-300x155.png 300w\" sizes=\"auto, (max-width: 642px) 100vw, 642px\" \/><\/figure>\n\n<\/div><\/div>\n<\/div>\n<\/div>\n<\/section><section class=\"gb-container gb-container-e80894ba gb-container-grau\" id=\"Kontakt\"><a class=\"gb-container-link\" href=\"https:\/\/lutz-blades.com\/wp-content\/uploads\/DIN_EN_ISO_50001-2018_2023_de.pdf\"><\/a>\n<div class=\"gb-container gb-container-42a512ca\">\n\t\t\t\t<div id=\"kontakt\" class=\"contact-form is-style-address gb-grid-wrapper \" >\n\n\t\t\t\t\t\t\t\t\t\t\t<div class=\"contact-form-head gb-grid-column\" style=\"width: 100%;\" data-aos=\"fade-right\">\n\t\t\t\t\t\t\t<div class=\"wp-block-pixel-headline headlines is-subheadline-bottom is-h1 has-text-align-left\">\n\t\t\t\t\t\t\t\t<h2 class=\"headline is-h2\">\n\t\t\t\t\t\t\t\t\tVous avez d&rsquo;autres questions ?\t\t\t\t\t\t\t\t<\/h2>\n\t\t\t\t\t\t\t\t<span class=\"subheadline\">Nous nous r\u00e9jouissons de pouvoir vous aider.<\/span>\n\t\t\t\t\t\t\t<\/div>\n\t\t\t\t\t\t<\/div>\n\t\t\t\t\t\n\t\t\t\t\t\t\t\t\t\t\t<address class=\"address address-lutz contact-form-side gb-grid-column\" data-aos=\"fade-right\">\n                            \n\t\t\t\t\t\t\t                                <div class=\"address-head\">\n                                    <span class=\"address-line address-name\">LUTZ GmbH &amp; Co. KG<\/span>\n                                <\/div>\n                                <div class=\"address-location\">\n                                    <span class=\"address-line address-street\">Piepersberg 20<\/span>\n                                    <span class=\"address-line address-city address-city\">42653 Solingen<\/span>\n                                    <span class=\"address-line address-country\">Allemagne<\/span>\n                                <\/div>\n                                <div class=\"address-contact\">\n                                    <span class=\"address-line address-phone\"><strong>T\u00e9l.:<\/strong> <a href=\"tel:+4921259660\" target=\"_blank\" rel=\"nofollow\">+49 212 5966-0<\/a><\/span>\t\n                                    <span class=\"address-line address-mail\"><strong>Courrier \u00e9lectronique: <\/strong><a href=\"mailto:s&#97;le%73&#64;%6c&#117;t%7a-b&#108;%61%64es.&#99;&#111;%6d\" target=\"_blank\">sales@lutz-blades.com<\/a> <\/span>\n                                <\/div>\n                            \t\t\t\t\t\t<\/address>\n\t\t\t\t\t\n\t\t\t\t\t\t\t\n\t\t\t\t\t<div class=\"contact-form-main gb-grid-column\" data-aos=\"fade-left\">\n\t\t\t\t\t\t\n<div class=\"wpcf7 no-js\" id=\"wpcf7-f8213-o1\" lang=\"fr-FR\" dir=\"ltr\" data-wpcf7-id=\"8213\">\n<div class=\"screen-reader-response\"><p role=\"status\" aria-live=\"polite\" aria-atomic=\"true\"><\/p> <ul><\/ul><\/div>\n<form action=\"\/fr\/wp-json\/wp\/v2\/pages\/71945#wpcf7-f8213-o1\" method=\"post\" class=\"wpcf7-form init\" aria-label=\"Formulaire de contact\" novalidate=\"novalidate\" data-status=\"init\">\n<fieldset class=\"hidden-fields-container\"><input type=\"hidden\" name=\"_wpcf7\" value=\"8213\" \/><input type=\"hidden\" name=\"_wpcf7_version\" value=\"6.1.5\" \/><input type=\"hidden\" name=\"_wpcf7_locale\" value=\"fr_FR\" \/><input type=\"hidden\" name=\"_wpcf7_unit_tag\" value=\"wpcf7-f8213-o1\" \/><input type=\"hidden\" name=\"_wpcf7_container_post\" value=\"0\" \/><input type=\"hidden\" name=\"_wpcf7_posted_data_hash\" value=\"\" \/><input type=\"hidden\" name=\"_wpcf7cf_hidden_group_fields\" value=\"[]\" \/><input type=\"hidden\" name=\"_wpcf7cf_hidden_groups\" value=\"[]\" \/><input type=\"hidden\" name=\"_wpcf7cf_visible_groups\" value=\"[]\" \/><input type=\"hidden\" name=\"_wpcf7cf_repeaters\" value=\"[]\" \/><input type=\"hidden\" name=\"_wpcf7cf_steps\" value=\"{}\" \/><input type=\"hidden\" name=\"_wpcf7cf_options\" value=\"{&quot;form_id&quot;:8213,&quot;conditions&quot;:[],&quot;settings&quot;:{&quot;animation&quot;:&quot;no&quot;,&quot;animation_intime&quot;:&quot;200&quot;,&quot;animation_outtime&quot;:&quot;200&quot;,&quot;conditions_ui&quot;:&quot;normal&quot;,&quot;notice_dismissed&quot;:&quot;&quot;,&quot;regex_numeric&quot;:&quot;^[0-9]+$&quot;,&quot;regex_alphabetic&quot;:&quot;^[a-zA-Z]+$&quot;,&quot;regex_alphanumeric&quot;:&quot;^[a-zA-Z0-9]+$&quot;,&quot;regex_date&quot;:&quot;^(0?[1-9]|1[012])[- .](0?[1-9]|[12][0-9]|3[01])[- \\\/.](19|20)?[0-9]{2}$&quot;,&quot;regex_email&quot;:&quot;^[a-zA-Z0-9._%-]+@[a-zA-Z0-9.-]+.[a-zA-Z]{2,4}$&quot;,&quot;regex_numeric_label&quot;:&quot;numeric&quot;,&quot;regex_alphabetic_label&quot;:&quot;alphabetic&quot;,&quot;regex_alphanumeric_label&quot;:&quot;alphanumeric&quot;,&quot;regex_date_label&quot;:&quot;date&quot;,&quot;regex_email_label&quot;:&quot;email&quot;,&quot;regex_custom_1&quot;:&quot;&quot;,&quot;regex_custom_2&quot;:&quot;&quot;,&quot;regex_custom_3&quot;:&quot;&quot;,&quot;regex_custom_4&quot;:&quot;&quot;,&quot;regex_custom_5&quot;:&quot;&quot;,&quot;regex_custom_1_label&quot;:&quot;custom 1&quot;,&quot;regex_custom_2_label&quot;:&quot;custom 2&quot;,&quot;regex_custom_3_label&quot;:&quot;custom 3&quot;,&quot;regex_custom_4_label&quot;:&quot;custom 4&quot;,&quot;regex_custom_5_label&quot;:&quot;custom 5&quot;}}\" \/><input type=\"hidden\" name=\"_wpcf7dtx_version\" value=\"5.0.5\" \/>\n<\/fieldset>\n<input class=\"wpcf7-form-control wpcf7-hidden\" value=\"sales@lutz-blades.com\" type=\"hidden\" name=\"recipient\" \/>\n<div class=\"form-field\"><span class=\"wpcf7-form-control-wrap\" data-name=\"clientname\"><input size=\"40\" maxlength=\"400\" class=\"wpcf7-form-control wpcf7-text\" id=\"form-name\" autocomplete=\"name\" aria-invalid=\"false\" placeholder=\"Nom\" value=\"\" type=\"text\" name=\"clientname\" \/><\/span><\/div>\n<div class=\"form-field\"><span class=\"wpcf7-form-control-wrap\" data-name=\"email\"><input size=\"40\" maxlength=\"400\" class=\"wpcf7-form-control wpcf7-email wpcf7-validates-as-required wpcf7-text wpcf7-validates-as-email\" id=\"form-email\" autocomplete=\"email\" aria-required=\"true\" aria-invalid=\"false\" placeholder=\"E-mail*\" value=\"\" type=\"email\" name=\"email\" \/><\/span><\/div>\n<div class=\"form-field\"><span class=\"wpcf7-form-control-wrap\" data-name=\"organization\"><input size=\"40\" maxlength=\"400\" class=\"wpcf7-form-control wpcf7-text\" id=\"form-organization\" autocomplete=\"organization\" aria-invalid=\"false\" placeholder=\"Soci\u00e9t\u00e9\" value=\"\" type=\"text\" name=\"organization\" \/><\/span><\/div>\n<div class=\"form-field\"><span class=\"wpcf7-form-control-wrap\" data-name=\"tel\"><input size=\"40\" maxlength=\"400\" class=\"wpcf7-form-control wpcf7-text\" id=\"form-tel\" autocomplete=\"tel\" aria-invalid=\"false\" placeholder=\"T\u00e9l\u00e9phone\" value=\"\" type=\"text\" name=\"tel\" \/><\/span><\/div>\n<div class=\"form-field full\"><span class=\"wpcf7-form-control-wrap\" data-name=\"message\"><textarea cols=\"40\" rows=\"10\" maxlength=\"2000\" class=\"wpcf7-form-control wpcf7-textarea wpcf7-validates-as-required\" id=\"form-message\" aria-required=\"true\" aria-invalid=\"false\" placeholder=\"Votre demande\" name=\"message\"><\/textarea><\/span><\/div>\n<div class=\"form-field full note\">Les champs marqu\u00e9s d&rsquo;un * sont obligatoires<\/div>\n<div class=\"form-field footer full\"><span class=\"wpcf7-form-control-wrap\" data-name=\"ds\"><span class=\"wpcf7-form-control wpcf7-acceptance\"><span class=\"wpcf7-list-item\"><label><input type=\"checkbox\" name=\"ds\" value=\"1\" aria-invalid=\"false\" \/><span class=\"wpcf7-list-item-label\">J&rsquo;ai pris connaissance de la <a href=\"\/fr\/protection-des-donnees\/\" target=\"_blank\">politique de confidentialit\u00e9<\/a>.<\/span><\/label><\/span><\/span><\/span><input class=\"wpcf7-form-control wpcf7-submit has-spinner\" type=\"submit\" value=\"Envoyer\" \/><\/div><p style=\"display: none !important;\" class=\"akismet-fields-container\" data-prefix=\"_wpcf7_ak_\"><label>&#916;<textarea name=\"_wpcf7_ak_hp_textarea\" cols=\"45\" rows=\"8\" maxlength=\"100\"><\/textarea><\/label><input type=\"hidden\" id=\"ak_js_1\" name=\"_wpcf7_ak_js\" value=\"73\"\/><script>document.getElementById( \"ak_js_1\" ).setAttribute( \"value\", ( new Date() ).getTime() );<\/script><\/p><input type='hidden' class='wpcf7-pum' value='{\"closepopup\":false,\"closedelay\":0,\"openpopup\":false,\"openpopup_id\":0}' \/><div class=\"wpcf7-response-output\" aria-hidden=\"true\"><\/div>\n<\/form>\n<\/div>\n\t\t\t\t\t<\/div> \n\t\t\n\t\t\t\t<\/div>\n\t\t\t\n<\/div>\n<\/section>","protected":false},"excerpt":{"rendered":"<p>Le label ECO-PLUS de LUTZ est le signe de notre engagement en mati\u00e8re de durabilit\u00e9. Nos emballages portent donc \u00e9galement ce label. En effet, les emballages ainsi marqu\u00e9s sont depuis toujours, gr\u00e2ce \u00e0 la s\u00e9paration monomat\u00e9riau des mat\u00e9riaux recyclables : Chez LUTZ, nous accordons une grande importance au maintien de notre strat\u00e9gie ECO-PLUS. Notre engagement &#8230; <\/p>\n<p class=\"read-more-container\"><a title=\"Durabilit\u00e9 ECO-PLUS\" class=\"read-more button\" href=\"https:\/\/lutz-blades.com\/fr\/lutz-blades-a-linterieur\/durabilite-eco-plus\/#more-71945\" aria-label=\"En savoir plus sur Durabilit\u00e9 ECO-PLUS\">weiterlesen<\/a><\/p>\n","protected":false},"author":1,"featured_media":0,"parent":7698,"menu_order":2,"comment_status":"closed","ping_status":"closed","template":"","meta":{"_acf_changed":false,"footnotes":""},"class_list":{"0":"post-71945","1":"page","2":"type-page","3":"status-publish","5":"no-featured-image-padding"},"acf":[],"yoast_head":"<!-- This site is optimized with the Yoast SEO plugin v27.4 - https:\/\/yoast.com\/product\/yoast-seo-wordpress\/ -->\n<title>La durabilit\u00e9 chez LUTZ BLADES - ECO PLUS<\/title>\n<meta name=\"robots\" content=\"index, follow, max-snippet:-1, max-image-preview:large, max-video-preview:-1\" \/>\n<link rel=\"canonical\" href=\"https:\/\/lutz-blades.com\/fr\/lutz-blades-a-linterieur\/durabilite-eco-plus\/\" \/>\n<meta property=\"og:locale\" content=\"fr_FR\" \/>\n<meta property=\"og:type\" content=\"article\" \/>\n<meta property=\"og:title\" content=\"La durabilit\u00e9 chez LUTZ BLADES - ECO PLUS\" \/>\n<meta property=\"og:description\" content=\"Le label ECO-PLUS de LUTZ est le signe de notre engagement en mati\u00e8re de durabilit\u00e9. Nos emballages portent donc \u00e9galement ce label. En effet, les emballages ainsi marqu\u00e9s sont depuis toujours, gr\u00e2ce \u00e0 la s\u00e9paration monomat\u00e9riau des mat\u00e9riaux recyclables : Chez LUTZ, nous accordons une grande importance au maintien de notre strat\u00e9gie ECO-PLUS. Notre engagement ... weiterlesen\" \/>\n<meta property=\"og:url\" content=\"https:\/\/lutz-blades.com\/fr\/lutz-blades-a-linterieur\/durabilite-eco-plus\/\" \/>\n<meta property=\"og:site_name\" content=\"LUTZ BLADES exactly\" \/>\n<meta property=\"article:modified_time\" content=\"2025-09-05T09:23:19+00:00\" \/>\n<meta property=\"og:image\" content=\"https:\/\/lutz-blades.com\/wp-content\/uploads\/logo-eco-plus.png\" \/>\n<meta name=\"twitter:card\" content=\"summary_large_image\" \/>\n<meta name=\"twitter:label1\" content=\"Dur\u00e9e de lecture estim\u00e9e\" \/>\n\t<meta name=\"twitter:data1\" content=\"4 minutes\" \/>\n<script type=\"application\/ld+json\" class=\"yoast-schema-graph\">{\"@context\":\"https:\\\/\\\/schema.org\",\"@graph\":[{\"@type\":\"WebPage\",\"@id\":\"https:\\\/\\\/lutz-blades.com\\\/fr\\\/lutz-blades-a-linterieur\\\/durabilite-eco-plus\\\/\",\"url\":\"https:\\\/\\\/lutz-blades.com\\\/fr\\\/lutz-blades-a-linterieur\\\/durabilite-eco-plus\\\/\",\"name\":\"La durabilit\u00e9 chez LUTZ BLADES - ECO PLUS\",\"isPartOf\":{\"@id\":\"https:\\\/\\\/lutz-blades.com\\\/fr\\\/#website\"},\"primaryImageOfPage\":{\"@id\":\"https:\\\/\\\/lutz-blades.com\\\/fr\\\/lutz-blades-a-linterieur\\\/durabilite-eco-plus\\\/#primaryimage\"},\"image\":{\"@id\":\"https:\\\/\\\/lutz-blades.com\\\/fr\\\/lutz-blades-a-linterieur\\\/durabilite-eco-plus\\\/#primaryimage\"},\"thumbnailUrl\":\"https:\\\/\\\/lutz-blades.com\\\/wp-content\\\/uploads\\\/logo-eco-plus.png\",\"datePublished\":\"2024-08-22T08:37:32+00:00\",\"dateModified\":\"2025-09-05T09:23:19+00:00\",\"breadcrumb\":{\"@id\":\"https:\\\/\\\/lutz-blades.com\\\/fr\\\/lutz-blades-a-linterieur\\\/durabilite-eco-plus\\\/#breadcrumb\"},\"inLanguage\":\"fr-FR\",\"potentialAction\":[{\"@type\":\"ReadAction\",\"target\":[\"https:\\\/\\\/lutz-blades.com\\\/fr\\\/lutz-blades-a-linterieur\\\/durabilite-eco-plus\\\/\"]}]},{\"@type\":\"ImageObject\",\"inLanguage\":\"fr-FR\",\"@id\":\"https:\\\/\\\/lutz-blades.com\\\/fr\\\/lutz-blades-a-linterieur\\\/durabilite-eco-plus\\\/#primaryimage\",\"url\":\"https:\\\/\\\/lutz-blades.com\\\/wp-content\\\/uploads\\\/logo-eco-plus.png\",\"contentUrl\":\"https:\\\/\\\/lutz-blades.com\\\/wp-content\\\/uploads\\\/logo-eco-plus.png\"},{\"@type\":\"BreadcrumbList\",\"@id\":\"https:\\\/\\\/lutz-blades.com\\\/fr\\\/lutz-blades-a-linterieur\\\/durabilite-eco-plus\\\/#breadcrumb\",\"itemListElement\":[{\"@type\":\"ListItem\",\"position\":1,\"name\":\"Startseite\",\"item\":\"https:\\\/\\\/lutz-blades.com\\\/fr\\\/\"},{\"@type\":\"ListItem\",\"position\":2,\"name\":\"Lutz Blades \u00e0 l&rsquo;int\u00e9rieur\",\"item\":\"https:\\\/\\\/lutz-blades.com\\\/fr\\\/lutz-blades-a-linterieur\\\/\"},{\"@type\":\"ListItem\",\"position\":3,\"name\":\"Durabilit\u00e9 ECO-PLUS\"}]},{\"@type\":\"WebSite\",\"@id\":\"https:\\\/\\\/lutz-blades.com\\\/fr\\\/#website\",\"url\":\"https:\\\/\\\/lutz-blades.com\\\/fr\\\/\",\"name\":\"LUTZ BLADES exactly\",\"description\":\"\",\"publisher\":{\"@id\":\"https:\\\/\\\/lutz-blades.com\\\/fr\\\/#organization\"},\"potentialAction\":[{\"@type\":\"SearchAction\",\"target\":{\"@type\":\"EntryPoint\",\"urlTemplate\":\"https:\\\/\\\/lutz-blades.com\\\/fr\\\/?s={search_term_string}\"},\"query-input\":{\"@type\":\"PropertyValueSpecification\",\"valueRequired\":true,\"valueName\":\"search_term_string\"}}],\"inLanguage\":\"fr-FR\"},{\"@type\":\"Organization\",\"@id\":\"https:\\\/\\\/lutz-blades.com\\\/fr\\\/#organization\",\"name\":\"LUTZ BLADES exactly\",\"url\":\"https:\\\/\\\/lutz-blades.com\\\/fr\\\/\",\"logo\":{\"@type\":\"ImageObject\",\"inLanguage\":\"fr-FR\",\"@id\":\"https:\\\/\\\/lutz-blades.com\\\/fr\\\/#\\\/schema\\\/logo\\\/image\\\/\",\"url\":\"https:\\\/\\\/lutz-blades.com\\\/wp-content\\\/uploads\\\/lutz-blades-logo.svg\",\"contentUrl\":\"https:\\\/\\\/lutz-blades.com\\\/wp-content\\\/uploads\\\/lutz-blades-logo.svg\",\"width\":240,\"height\":66,\"caption\":\"LUTZ BLADES exactly\"},\"image\":{\"@id\":\"https:\\\/\\\/lutz-blades.com\\\/fr\\\/#\\\/schema\\\/logo\\\/image\\\/\"}}]}<\/script>\n<!-- \/ Yoast SEO plugin. -->","yoast_head_json":{"title":"La durabilit\u00e9 chez LUTZ BLADES - ECO PLUS","robots":{"index":"index","follow":"follow","max-snippet":"max-snippet:-1","max-image-preview":"max-image-preview:large","max-video-preview":"max-video-preview:-1"},"canonical":"https:\/\/lutz-blades.com\/fr\/lutz-blades-a-linterieur\/durabilite-eco-plus\/","og_locale":"fr_FR","og_type":"article","og_title":"La durabilit\u00e9 chez LUTZ BLADES - ECO PLUS","og_description":"Le label ECO-PLUS de LUTZ est le signe de notre engagement en mati\u00e8re de durabilit\u00e9. Nos emballages portent donc \u00e9galement ce label. En effet, les emballages ainsi marqu\u00e9s sont depuis toujours, gr\u00e2ce \u00e0 la s\u00e9paration monomat\u00e9riau des mat\u00e9riaux recyclables : Chez LUTZ, nous accordons une grande importance au maintien de notre strat\u00e9gie ECO-PLUS. Notre engagement ... weiterlesen","og_url":"https:\/\/lutz-blades.com\/fr\/lutz-blades-a-linterieur\/durabilite-eco-plus\/","og_site_name":"LUTZ BLADES exactly","article_modified_time":"2025-09-05T09:23:19+00:00","og_image":[{"url":"https:\/\/lutz-blades.com\/wp-content\/uploads\/logo-eco-plus.png","type":"","width":"","height":""}],"twitter_card":"summary_large_image","twitter_misc":{"Dur\u00e9e de lecture estim\u00e9e":"4 minutes"},"schema":{"@context":"https:\/\/schema.org","@graph":[{"@type":"WebPage","@id":"https:\/\/lutz-blades.com\/fr\/lutz-blades-a-linterieur\/durabilite-eco-plus\/","url":"https:\/\/lutz-blades.com\/fr\/lutz-blades-a-linterieur\/durabilite-eco-plus\/","name":"La durabilit\u00e9 chez LUTZ BLADES - ECO PLUS","isPartOf":{"@id":"https:\/\/lutz-blades.com\/fr\/#website"},"primaryImageOfPage":{"@id":"https:\/\/lutz-blades.com\/fr\/lutz-blades-a-linterieur\/durabilite-eco-plus\/#primaryimage"},"image":{"@id":"https:\/\/lutz-blades.com\/fr\/lutz-blades-a-linterieur\/durabilite-eco-plus\/#primaryimage"},"thumbnailUrl":"https:\/\/lutz-blades.com\/wp-content\/uploads\/logo-eco-plus.png","datePublished":"2024-08-22T08:37:32+00:00","dateModified":"2025-09-05T09:23:19+00:00","breadcrumb":{"@id":"https:\/\/lutz-blades.com\/fr\/lutz-blades-a-linterieur\/durabilite-eco-plus\/#breadcrumb"},"inLanguage":"fr-FR","potentialAction":[{"@type":"ReadAction","target":["https:\/\/lutz-blades.com\/fr\/lutz-blades-a-linterieur\/durabilite-eco-plus\/"]}]},{"@type":"ImageObject","inLanguage":"fr-FR","@id":"https:\/\/lutz-blades.com\/fr\/lutz-blades-a-linterieur\/durabilite-eco-plus\/#primaryimage","url":"https:\/\/lutz-blades.com\/wp-content\/uploads\/logo-eco-plus.png","contentUrl":"https:\/\/lutz-blades.com\/wp-content\/uploads\/logo-eco-plus.png"},{"@type":"BreadcrumbList","@id":"https:\/\/lutz-blades.com\/fr\/lutz-blades-a-linterieur\/durabilite-eco-plus\/#breadcrumb","itemListElement":[{"@type":"ListItem","position":1,"name":"Startseite","item":"https:\/\/lutz-blades.com\/fr\/"},{"@type":"ListItem","position":2,"name":"Lutz Blades \u00e0 l&rsquo;int\u00e9rieur","item":"https:\/\/lutz-blades.com\/fr\/lutz-blades-a-linterieur\/"},{"@type":"ListItem","position":3,"name":"Durabilit\u00e9 ECO-PLUS"}]},{"@type":"WebSite","@id":"https:\/\/lutz-blades.com\/fr\/#website","url":"https:\/\/lutz-blades.com\/fr\/","name":"LUTZ BLADES exactly","description":"","publisher":{"@id":"https:\/\/lutz-blades.com\/fr\/#organization"},"potentialAction":[{"@type":"SearchAction","target":{"@type":"EntryPoint","urlTemplate":"https:\/\/lutz-blades.com\/fr\/?s={search_term_string}"},"query-input":{"@type":"PropertyValueSpecification","valueRequired":true,"valueName":"search_term_string"}}],"inLanguage":"fr-FR"},{"@type":"Organization","@id":"https:\/\/lutz-blades.com\/fr\/#organization","name":"LUTZ BLADES exactly","url":"https:\/\/lutz-blades.com\/fr\/","logo":{"@type":"ImageObject","inLanguage":"fr-FR","@id":"https:\/\/lutz-blades.com\/fr\/#\/schema\/logo\/image\/","url":"https:\/\/lutz-blades.com\/wp-content\/uploads\/lutz-blades-logo.svg","contentUrl":"https:\/\/lutz-blades.com\/wp-content\/uploads\/lutz-blades-logo.svg","width":240,"height":66,"caption":"LUTZ BLADES exactly"},"image":{"@id":"https:\/\/lutz-blades.com\/fr\/#\/schema\/logo\/image\/"}}]}},"_links":{"self":[{"href":"https:\/\/lutz-blades.com\/fr\/wp-json\/wp\/v2\/pages\/71945","targetHints":{"allow":["GET"]}}],"collection":[{"href":"https:\/\/lutz-blades.com\/fr\/wp-json\/wp\/v2\/pages"}],"about":[{"href":"https:\/\/lutz-blades.com\/fr\/wp-json\/wp\/v2\/types\/page"}],"author":[{"embeddable":true,"href":"https:\/\/lutz-blades.com\/fr\/wp-json\/wp\/v2\/users\/1"}],"replies":[{"embeddable":true,"href":"https:\/\/lutz-blades.com\/fr\/wp-json\/wp\/v2\/comments?post=71945"}],"version-history":[{"count":5,"href":"https:\/\/lutz-blades.com\/fr\/wp-json\/wp\/v2\/pages\/71945\/revisions"}],"predecessor-version":[{"id":90811,"href":"https:\/\/lutz-blades.com\/fr\/wp-json\/wp\/v2\/pages\/71945\/revisions\/90811"}],"up":[{"embeddable":true,"href":"https:\/\/lutz-blades.com\/fr\/wp-json\/wp\/v2\/pages\/7698"}],"wp:attachment":[{"href":"https:\/\/lutz-blades.com\/fr\/wp-json\/wp\/v2\/media?parent=71945"}],"curies":[{"name":"wp","href":"https:\/\/api.w.org\/{rel}","templated":true}]}}