{"id":111197,"date":"2026-04-23T14:18:18","date_gmt":"2026-04-23T12:18:18","guid":{"rendered":"https:\/\/lutz-blades.com\/lutz-blades-a-linterieur\/strategie-environnementale\/"},"modified":"2026-04-27T15:10:02","modified_gmt":"2026-04-27T13:10:02","slug":"strategie-environnementale","status":"publish","type":"page","link":"https:\/\/lutz-blades.com\/fr\/lutz-blades-a-linterieur\/strategie-environnementale\/","title":{"rendered":"Strat\u00e9gie environnementale"},"content":{"rendered":"\n\t\t\t       \n            \n            <div class=\"hero hero-c441f713 sub\" data-slides=\"1\" data-start=\"0\">\n\t\t\t\t\n\t\t\t\t\t\t\t\t\n\t\t\t\t<div class=\"acf-innerblocks-container\">\n\r\n\t\t\t       \r\n                    \r\n            <div class=\"hero-slide hero-slide-2ff73363 is-style-image\">\r\n\t\t\t\t<div class=\"hero-canvas\" data-aos=\"fade-right\">\r\n\t\t\t\t\t<h1 class=\"hero-headline\">Nos efforts tourn\u00e9s vers l&rsquo;avenir<\/h1>\t\t\t\t\t\t\t\t\t\t\t\t\t\t<\/div>\r\n\t\t\t\t<div class=\"hero-media hero-media-image\" data-aos=\"fade-left\"><img loading=\"lazy\" decoding=\"async\" width=\"1400\" height=\"788\" src=\"https:\/\/lutz-blades.com\/wp-content\/uploads\/standort-solingen-01-1.jpg\" class=\"attachment-full size-full\" alt=\"\" srcset=\"https:\/\/lutz-blades.com\/wp-content\/uploads\/standort-solingen-01-1.jpg 1400w, https:\/\/lutz-blades.com\/wp-content\/uploads\/standort-solingen-01-1-300x169.jpg 300w, https:\/\/lutz-blades.com\/wp-content\/uploads\/standort-solingen-01-1-1024x576.jpg 1024w, https:\/\/lutz-blades.com\/wp-content\/uploads\/standort-solingen-01-1-768x432.jpg 768w, https:\/\/lutz-blades.com\/wp-content\/uploads\/standort-solingen-01-1-800x450.jpg 800w\" sizes=\"auto, (max-width: 1400px) 100vw, 1400px\" \/><\/div>            <\/div>\r\n\t\t\t\t\r\n            \t\t\t\r\n\t\t\t\r\n\r\n\r\n            \n<\/div>\n\t\t\t\t\t\t\t\t\t\t\t\t\n\t\t\t\t\t\t\t<\/div>\n\t\t\t\t\n\t\t\t\n\t\t\t        \n            \n\n<section class=\"gb-container gb-container-f420d16f gb-container-white\">\n<div class=\"gb-container gb-container-1bb3f6f5\">\n<div class=\"gb-container gb-container-4ff532e4\" data-aos=\"fade-right\">\n\n<div class=\"wp-block-pixel-headline headlines is-subheadline-bottom has-text-align-left\"><h2 class=\"headline\" style=\"color:\">Notre approche repose sur une vision \u00e0 long terme et des \u00e9tapes clairement d\u00e9finies, et non sur des mesures \u00e0 court terme.<\/h2><\/div>\n\n\n\n<p>Nous assumons notre responsabilit\u00e9 en concevant notre production et notre cha\u00eene de valeur de mani\u00e8re \u00e0 utiliser les ressources efficacement et \u00e0 \u00e9viter le gaspillage. Notre objectif est de r\u00e9duire durablement l&rsquo;impact de nos produits et de leur fabrication. Pour ce faire, nous analysons et optimisons continuellement nos processus, mettons en \u0153uvre des mesures cibl\u00e9es et nous d\u00e9veloppons \u2013 partout o\u00f9 cela est techniquement r\u00e9alisable et \u00e9conomiquement judicieux. Dans la mesure du possible, nous utilisons des mati\u00e8res premi\u00e8res naturelles ou recyclables afin de boucler le cycle des ressources et d&rsquo;accro\u00eetre l&rsquo;efficacit\u00e9 des mat\u00e9riaux.   <\/p>\n\n<\/div>\n<\/div>\n<\/section>\n\n<section class=\"gb-container gb-container-d89abc98 gb-container-grau\">\n<div class=\"gb-container gb-container-ea749d80\">\n<div class=\"gb-grid-wrapper gb-grid-wrapper-cd2a23d3\">\n<div class=\"gb-grid-column gb-grid-column-b83f778a\"><div class=\"gb-container gb-container-b83f778a\" data-aos=\"fade-right\">\n\n<figure class=\"gb-block-image gb-block-image-82966e3d\"><img loading=\"lazy\" decoding=\"async\" width=\"1200\" height=\"1081\" class=\"gb-image gb-image-82966e3d\" src=\"https:\/\/lutz-blades.com\/wp-content\/uploads\/diagram-3.png\" alt=\"\"  srcset=\"https:\/\/lutz-blades.com\/wp-content\/uploads\/diagram-3.png 1200w, https:\/\/lutz-blades.com\/wp-content\/uploads\/diagram-3-300x270.png 300w, https:\/\/lutz-blades.com\/wp-content\/uploads\/diagram-3-1024x922.png 1024w, https:\/\/lutz-blades.com\/wp-content\/uploads\/diagram-3-768x692.png 768w, https:\/\/lutz-blades.com\/wp-content\/uploads\/diagram-3-555x500.png 555w\" sizes=\"auto, (max-width: 1200px) 100vw, 1200px\" \/><\/figure>\n\n<\/div><\/div>\n\n<div class=\"gb-grid-column gb-grid-column-c6102031\"><div class=\"gb-container gb-container-c6102031\">\n\n<div class=\"wp-block-pixel-headline headlines is-subheadline-bottom has-text-align-left\"><h2 class=\"headline\" style=\"color:\">Notre strat\u00e9gie<\/h2><\/div>\n\n\n\n<p>La norme ISO 14001 constitue la base de nos efforts et objectifs visant \u00e0 accro\u00eetre notre efficacit\u00e9 en mati\u00e8re de ressources. Nous avons introduit cette norme dans notre entreprise en 2024 et nous d\u00e9veloppons continuellement le syst\u00e8me de management par des \u00e9changes permanents et des audits internes r\u00e9guliers. Le syst\u00e8me de management englobe toutes les parties int\u00e9ress\u00e9es, y compris les clients, les fournisseurs, les employ\u00e9s ainsi que tous les sites de LUTZ. Le champ d&rsquo;application couvre le d\u00e9veloppement, la conception, la fabrication et la distribution de syst\u00e8mes de coupe, de lames et de couteaux.   <\/p>\n\n\n\n<p><\/p>\n\n\n\n<p>En plus de l&rsquo;ISO 14001, Lutz dispose depuis 2018 de la norme ISO 50001 pour les syst\u00e8mes de management de l&rsquo;\u00e9nergie. La mise en \u0153uvre de cette norme au sein de l&rsquo;entreprise nous aide non seulement \u00e0 collecter des indicateurs pertinents, mais aussi \u00e0 identifier les potentiels de r\u00e9duction de notre consommation d&rsquo;\u00e9nergie. <\/p>\n\n\n\n<p><\/p>\n\n\n\n<p>En fixant des objectifs environnementaux et \u00e9nerg\u00e9tiques annuels, en \u00e9valuant la mise en \u0153uvre de ces objectifs dans le cadre des revues de direction et en travaillant selon le cycle PDCA, nous nous assurons d&rsquo;examiner et d&rsquo;\u00e9valuer continuellement nos activit\u00e9s et leurs impacts tout au long de la cha\u00eene de valeur. <\/p>\n\n<\/div><\/div>\n<\/div>\n<\/div>\n<\/section>\n\n<section class=\"gb-container gb-container-758d1e7e gb-container-white\">\n<div class=\"gb-container gb-container-9caf02d7\">\n<div class=\"gb-container gb-container-0a7315d6\">\n<div class=\"gb-container gb-container-72803721\" data-aos=\"fade-right\">\n\n<div class=\"wp-block-pixel-headline headlines is-subheadline-bottom has-text-align-center\"><h2 class=\"headline\" style=\"color:\">Nos th\u00e8mes cl\u00e9s<\/h2><\/div>\n\n<\/div>\n<\/div>\n\n<div class=\"gb-container gb-container-cdda53c8\">\n<div class=\"gb-container gb-container-512791ed\">\n<div class=\"gb-grid-wrapper gb-grid-wrapper-eeff40d7\">\n<div class=\"gb-grid-column gb-grid-column-1da1605b\"><div class=\"gb-container gb-container-1da1605b\">\n\n<figure class=\"gb-block-image gb-block-image-f1788173\"><img loading=\"lazy\" decoding=\"async\" width=\"120\" height=\"120\" class=\"gb-image gb-image-f1788173\" src=\"https:\/\/lutz-blades.com\/wp-content\/uploads\/\/icon_recycling.svg\" alt=\"\" \/><\/figure>\n\n\n\n<div class=\"wp-block-pixel-headline headlines is-subheadline-bottom has-text-align-center\"><h3 class=\"headline\" style=\"color:\">Substitution du plastique<\/h3><\/div>\n\n<\/div><\/div>\n\n<div class=\"gb-grid-column gb-grid-column-6f5920c1\"><div class=\"gb-container gb-container-6f5920c1\">\n\n<div class=\"wp-block-group is-nowrap is-layout-flex wp-container-core-group-is-layout-ad2f72ca wp-block-group-is-layout-flex\">\n<figure class=\"gb-block-image gb-block-image-7883398c\"><img loading=\"lazy\" decoding=\"async\" width=\"120\" height=\"120\" class=\"gb-image gb-image-7883398c\" src=\"https:\/\/lutz-blades.com\/wp-content\/uploads\/\/icon_abfaelle.svg\" alt=\"\" \/><\/figure>\n<\/div>\n\n\n\n<div class=\"wp-block-pixel-headline headlines is-subheadline-bottom has-text-align-center\"><h3 class=\"headline\" style=\"color:\">Am\u00e9lioration de l&rsquo;efficacit\u00e9 \u00e9nerg\u00e9tique<\/h3><\/div>\n\n<\/div><\/div>\n\n<div class=\"gb-grid-column gb-grid-column-ed3ac53d\"><div class=\"gb-container gb-container-ed3ac53d\">\n\n<div class=\"wp-block-group is-nowrap is-layout-flex wp-container-core-group-is-layout-ad2f72ca wp-block-group-is-layout-flex\">\n<figure class=\"gb-block-image gb-block-image-d1835e66\"><img loading=\"lazy\" decoding=\"async\" width=\"120\" height=\"120\" class=\"gb-image gb-image-d1835e66\" src=\"https:\/\/lutz-blades.com\/wp-content\/uploads\/\/icon_recycling.svg\" alt=\"\" \/><\/figure>\n<\/div>\n\n\n\n<div class=\"wp-block-pixel-headline headlines is-subheadline-bottom has-text-align-center\"><h3 class=\"headline\" style=\"color:\">Utilisation de mat\u00e9riaux recycl\u00e9s<\/h3><\/div>\n\n<\/div><\/div>\n\n<div class=\"gb-grid-column gb-grid-column-53777f46\"><div class=\"gb-container gb-container-53777f46\">\n\n<figure class=\"gb-block-image gb-block-image-f93cadca\"><img loading=\"lazy\" decoding=\"async\" width=\"120\" height=\"120\" class=\"gb-image gb-image-f93cadca\" src=\"https:\/\/lutz-blades.com\/wp-content\/uploads\/\/icon_ressourceneinsatz.svg\" alt=\"\" \/><\/figure>\n\n\n\n<div class=\"wp-block-pixel-headline headlines is-subheadline-bottom has-text-align-center\"><h3 class=\"headline\" style=\"color:\">R\u00e9duire l&rsquo;utilisation des ressources<\/h3><\/div>\n\n<\/div><\/div>\n<\/div>\n<\/div>\n<\/div>\n<\/div>\n<\/section>\n\n<section class=\"gb-container gb-container-93fdfeb8 gb-container-grau\">\n<div class=\"gb-container gb-container-6cb8d8fd\">\n<div class=\"gb-grid-wrapper gb-grid-wrapper-adb5808f\">\n<div class=\"gb-grid-column gb-grid-column-990d4973\"><div class=\"gb-container gb-container-990d4973\">\n<div class=\"gb-container gb-container-156e59d4\">\n\n<div class=\"wp-block-pixel-headline headlines is-subheadline-bottom has-text-align-center\"><h2 class=\"headline\" style=\"color:\">Le calcul de l&#8217;empreinte carbone<\/h2><\/div>\n\n\n\n<p class=\"has-text-align-center\">Il existe diff\u00e9rentes m\u00e9thodes pour mettre en \u00e9vidence l&rsquo;impact des produits sur l&rsquo;environnement. L&rsquo;une d&rsquo;elles est le calcul de l&#8217;empreinte carbone produit (Product Carbon Footprint ou PCF). Le PCF d&rsquo;un produit d\u00e9crit l&rsquo;ensemble des \u00e9missions de CO2 g\u00e9n\u00e9r\u00e9es tout au long du cycle de vie du produit et se compose des scopes 1, 2 et 3.  <\/p>\n\n<\/div>\n<\/div><\/div>\n\n<div class=\"gb-grid-column gb-grid-column-4b009472\"><div class=\"gb-container gb-container-4b009472\">\n<div class=\"gb-grid-wrapper gb-grid-wrapper-99fadcd6\">\n<div class=\"gb-grid-column gb-grid-column-b88cc599\"><div class=\"gb-container gb-container-b88cc599\">\n\n<figure class=\"gb-block-image gb-block-image-65bd96d2\"><img loading=\"lazy\" decoding=\"async\" width=\"120\" height=\"120\" class=\"gb-image gb-image-65bd96d2\" src=\"https:\/\/lutz-blades.com\/wp-content\/uploads\/icon-emissions.svg\" alt=\"\" \/><\/figure>\n\n\n\n<div class=\"wp-block-pixel-headline headlines is-subheadline-bottom has-text-align-center is-gap-sm\"><h3 class=\"headline\" style=\"color:\">Scope 1 : Les \u00e9missions directes<\/h3><\/div>\n\n\n\n<p class=\"has-text-align-center\">Les \u00e9missions provenant de sources propres ou contr\u00f4l\u00e9es, par exemple la combustion de combustibles fossiles dans les installations de l&rsquo;entreprise (chaudi\u00e8res, fours).<\/p>\n\n<\/div><\/div>\n\n<div class=\"gb-grid-column gb-grid-column-756621c5\"><div class=\"gb-container gb-container-756621c5\">\n\n<figure class=\"gb-block-image gb-block-image-3ecee514\"><img loading=\"lazy\" decoding=\"async\" width=\"120\" height=\"120\" class=\"gb-image gb-image-3ecee514\" src=\"https:\/\/lutz-blades.com\/wp-content\/uploads\/icon-energy.svg\" alt=\"\" \/><\/figure>\n\n\n\n<div class=\"wp-block-pixel-headline headlines is-subheadline-bottom has-text-align-center is-gap-sm\"><h3 class=\"headline\" style=\"color:\">Scope 2 : Les \u00e9missions indirectes li\u00e9es \u00e0 l&rsquo;achat d&rsquo;\u00e9nergie<\/h3><\/div>\n\n\n\n<p class=\"has-text-align-center\">Les \u00e9missions dues \u00e0 l&rsquo;\u00e9nergie achet\u00e9e, par exemple celles g\u00e9n\u00e9r\u00e9es lors de la production de l&rsquo;\u00e9lectricit\u00e9 achet\u00e9e.<\/p>\n\n<\/div><\/div>\n\n<div class=\"gb-grid-column gb-grid-column-79b29229\"><div class=\"gb-container gb-container-79b29229\">\n\n<figure class=\"gb-block-image gb-block-image-48ed418a\"><img loading=\"lazy\" decoding=\"async\" width=\"120\" height=\"120\" class=\"gb-image gb-image-48ed418a\" src=\"https:\/\/lutz-blades.com\/wp-content\/uploads\/icon-value-chain.svg\" alt=\"\" \/><\/figure>\n\n\n\n<div class=\"wp-block-pixel-headline headlines is-subheadline-bottom has-text-align-center is-gap-sm\"><h3 class=\"headline\" style=\"color:\">Scope 3 : Les \u00e9missions indirectes de la cha\u00eene de valeur<\/h3><\/div>\n\n\n\n<p class=\"has-text-align-center\">Les \u00e9missions en amont et en aval qui ne sont pas directement contr\u00f4l\u00e9es par l&rsquo;entreprise, par exemple l&rsquo;approvisionnement en mati\u00e8res premi\u00e8res ou les activit\u00e9s des fournisseurs.<\/p>\n\n<\/div><\/div>\n<\/div>\n<\/div><\/div>\n<\/div>\n<\/div>\n<\/section>\n\n<section class=\"gb-container gb-container-71b7f48e\">\n<div class=\"gb-container gb-container-9ed16566 gb-container-white\">\n<div class=\"gb-grid-wrapper gb-grid-wrapper-7a6ab449\">\n<div class=\"gb-grid-column gb-grid-column-221a6054\"><div class=\"gb-container gb-container-221a6054\">\n\n<div class=\"wp-block-pixel-headline headlines is-subheadline-bottom has-text-align-left\"><h2 class=\"headline\" style=\"color:\">Le PCF montre les \u00e9missions :<br>Exemple de lame s\u00e9cable de LUTZ BLADES<\/h2><\/div>\n\n\n\n<p>Le calcul du PCF permet de classer les produits et les \u00e9missions associ\u00e9es, et ainsi de les rendre comparables entre eux.<br><\/p>\n\n\n\n<p><strong>Exemple de calcul : La lame s\u00e9cable 2011 de LUTZ BLADES<\/strong><br><\/p>\n\n\n\n<p>La lame s\u00e9cable 2011 de LUTZ BLADES est fabriqu\u00e9e en acier inoxydable ou en acier au carbone. Elle est utilis\u00e9e pour couper les tapis et les films, ainsi que pour d\u00e9nuder les c\u00e2bles, et est munie de segments<br>s\u00e9cables.<br> <br>Le calcul a \u00e9t\u00e9 bas\u00e9 sur 150 lames en acier au carbone. Avec une longueur de 100,00 mm, une largeur de 17,70 mm et une \u00e9paisseur de 0,5 mm, elles ont un poids de mat\u00e9riau de 1 kg.  <br> <br>Pour le calcul du PCF, les \u00e9missions des scopes 1 et 2, ainsi que les \u00e9missions proportionnelles du scope 3, dans la mesure o\u00f9 elles \u00e9taient connues, ont \u00e9t\u00e9 utilis\u00e9es.<br> <br><strong>La valeur moyenne pond\u00e9r\u00e9e du PCF de cette lame est de 4,62 par kilo.<\/strong><\/p>\n\n<\/div><\/div>\n\n<div class=\"gb-grid-column gb-grid-column-be5efc82\"><div class=\"gb-container gb-container-be5efc82\">\n\n<figure class=\"gb-block-image gb-block-image-5f802ddd\"><img loading=\"lazy\" decoding=\"async\" width=\"642\" height=\"332\" class=\"gb-image gb-image-5f802ddd\" src=\"https:\/\/lutz-blades.com\/wp-content\/uploads\/Klingenbox-Eco-Plus.png\" alt=\"\"  srcset=\"https:\/\/lutz-blades.com\/wp-content\/uploads\/Klingenbox-Eco-Plus.png 642w, https:\/\/lutz-blades.com\/wp-content\/uploads\/Klingenbox-Eco-Plus-300x155.png 300w\" sizes=\"auto, (max-width: 642px) 100vw, 642px\" \/><\/figure>\n\n<\/div><\/div>\n<\/div>\n<\/div>\n<\/section>\n\n<section class=\"gb-container gb-container-ec146c71 invert gb-container-brand-gradient-half\">\n<div class=\"gb-grid-wrapper gb-grid-wrapper-032f90bf\">\n<div class=\"gb-grid-column gb-grid-column-c98d2d66\"><div class=\"gb-container gb-container-c98d2d66\" data-aos=\"fade-right\">\n\n<div class=\"wp-block-pixel-headline headlines is-subheadline-bottom has-text-align-left\"><h2 class=\"headline\" style=\"color:\">Ce que nous avons d\u00e9j\u00e0 accompli<\/h2><\/div>\n\n\n\n<p>Nous avons solidement int\u00e9gr\u00e9 la norme internationale ISO 14001 dans nos processus d&rsquo;entreprise, cr\u00e9ant ainsi la base d&rsquo;une gestion syst\u00e9matique de nos enjeux \u00e9cologiques. Dans le cadre de cette mise en \u0153uvre, nous avons collect\u00e9 des donn\u00e9es compl\u00e8tes sur la consommation d&rsquo;\u00e9nergie et de ressources, ainsi que sur les \u00e9missions. Ces donn\u00e9es constituent la base d&rsquo;objectifs clairement d\u00e9finis et permettent une mesure transparente de nos progr\u00e8s.  <\/p>\n\n\n\n<p><\/p>\n\n\n\n<p>Les r\u00e9sultats obtenus sont d\u00e9j\u00e0 visibles : nous avons augment\u00e9 le taux de recyclage des d\u00e9chets de 18 %, introduit du papier recycl\u00e9 \u00e0 l&rsquo;\u00e9chelle de l&rsquo;entreprise et optimis\u00e9 la consommation d&rsquo;\u00e9nergie dans des domaines tels que la gestion technique du b\u00e2timent, la production d&rsquo;air comprim\u00e9 et l&rsquo;\u00e9clairage. Dans notre propre moulage par injection, nous fabriquons des emballages pour nos lames qui sont recyclables jusqu&rsquo;\u00e0 100 % et contiennent jusqu&rsquo;\u00e0 49 % de mat\u00e9riaux recycl\u00e9s ; de plus, nous recyclons les plastiques directement en circuit interne. <\/p>\n\n\n\n<p><\/p>\n\n\n\n<p>En 2025, nous avons publi\u00e9 en interne notre premier rapport de durabilit\u00e9 bas\u00e9 sur le Voluntary Sustainable Reporting Standard (VSME) afin de pr\u00e9senter nos actions et objectifs de mani\u00e8re transparente. La gestion de notre cha\u00eene d&rsquo;approvisionnement fait \u00e9galement partie de notre responsabilit\u00e9. C&rsquo;est pourquoi nous avons \u00e9tabli un Code de Conduite pour les fournisseurs ainsi qu&rsquo;un Code de Conduite interne.  <\/p>\n\n<\/div><\/div>\n<\/div>\n<\/section>\n\n<section class=\"gb-container gb-container-e80894ba gb-container-grau\" id=\"Kontakt\"><a class=\"gb-container-link\" href=\"https:\/\/lutz-blades.com\/wp-content\/uploads\/DIN_EN_ISO_50001-2018_2023_de.pdf\"><\/a>\n<div class=\"gb-container gb-container-42a512ca\">\n\t\t\t\t<div id=\"kontakt\" class=\"contact-form is-style-address gb-grid-wrapper \" >\n\n\t\t\t\t\t\t\t\t\t\t\t<div class=\"contact-form-head gb-grid-column\" style=\"width: 100%;\" data-aos=\"fade-right\">\n\t\t\t\t\t\t\t<div class=\"wp-block-pixel-headline headlines is-subheadline-bottom is-h1 has-text-align-left\">\n\t\t\t\t\t\t\t\t<h2 class=\"headline is-h2\">\n\t\t\t\t\t\t\t\t\tVous avez d&rsquo;autres questions ?\t\t\t\t\t\t\t\t<\/h2>\n\t\t\t\t\t\t\t\t<span class=\"subheadline\">Nous nous r\u00e9jouissons de pouvoir vous aider.<\/span>\n\t\t\t\t\t\t\t<\/div>\n\t\t\t\t\t\t<\/div>\n\t\t\t\t\t\n\t\t\t\t\t\t\t\t\t\t\t<address class=\"address address-lutz contact-form-side gb-grid-column\" data-aos=\"fade-right\">\n                            \n\t\t\t\t\t\t\t                                <div class=\"address-head\">\n                                    <span class=\"address-line address-name\">LUTZ GmbH &amp; Co. KG<\/span>\n                                <\/div>\n                                <div class=\"address-location\">\n                                    <span class=\"address-line address-street\">Piepersberg 20<\/span>\n                                    <span class=\"address-line address-city address-city\">42653 Solingen<\/span>\n                                    <span class=\"address-line address-country\">Allemagne<\/span>\n                                <\/div>\n                                <div class=\"address-contact\">\n                                    <span class=\"address-line address-phone\"><strong>T\u00e9l.:<\/strong> <a href=\"tel:+4921259660\" target=\"_blank\" rel=\"nofollow\">+49 212 5966-0<\/a><\/span>\t\n                                    <span class=\"address-line address-mail\"><strong>Courrier \u00e9lectronique: <\/strong><a href=\"mailto:%73&#97;%6c&#101;s%40%6c&#117;&#116;z-%62%6c%61&#100;&#101;%73.co%6d\" target=\"_blank\">sales@lutz-blades.com<\/a> <\/span>\n                                <\/div>\n                            \t\t\t\t\t\t<\/address>\n\t\t\t\t\t\n\t\t\t\t\t\t\t\n\t\t\t\t\t<div class=\"contact-form-main gb-grid-column\" data-aos=\"fade-left\">\n\t\t\t\t\t\t\n<div class=\"wpcf7 no-js\" id=\"wpcf7-f8213-o1\" lang=\"fr-FR\" dir=\"ltr\" data-wpcf7-id=\"8213\">\n<div class=\"screen-reader-response\"><p role=\"status\" aria-live=\"polite\" aria-atomic=\"true\"><\/p> <ul><\/ul><\/div>\n<form action=\"\/fr\/wp-json\/wp\/v2\/pages\/111197#wpcf7-f8213-o1\" method=\"post\" class=\"wpcf7-form init\" aria-label=\"Formulaire de contact\" novalidate=\"novalidate\" data-status=\"init\">\n<fieldset class=\"hidden-fields-container\"><input type=\"hidden\" name=\"_wpcf7\" value=\"8213\" \/><input type=\"hidden\" name=\"_wpcf7_version\" value=\"6.1.5\" \/><input type=\"hidden\" name=\"_wpcf7_locale\" value=\"fr_FR\" \/><input type=\"hidden\" name=\"_wpcf7_unit_tag\" value=\"wpcf7-f8213-o1\" \/><input type=\"hidden\" name=\"_wpcf7_container_post\" value=\"0\" \/><input type=\"hidden\" name=\"_wpcf7_posted_data_hash\" value=\"\" \/><input type=\"hidden\" name=\"_wpcf7cf_hidden_group_fields\" value=\"[]\" \/><input type=\"hidden\" name=\"_wpcf7cf_hidden_groups\" value=\"[]\" \/><input type=\"hidden\" name=\"_wpcf7cf_visible_groups\" value=\"[]\" \/><input type=\"hidden\" name=\"_wpcf7cf_repeaters\" value=\"[]\" \/><input type=\"hidden\" name=\"_wpcf7cf_steps\" value=\"{}\" \/><input type=\"hidden\" name=\"_wpcf7cf_options\" value=\"{&quot;form_id&quot;:8213,&quot;conditions&quot;:[],&quot;settings&quot;:{&quot;animation&quot;:&quot;no&quot;,&quot;animation_intime&quot;:&quot;200&quot;,&quot;animation_outtime&quot;:&quot;200&quot;,&quot;conditions_ui&quot;:&quot;normal&quot;,&quot;notice_dismissed&quot;:&quot;&quot;,&quot;regex_numeric&quot;:&quot;^[0-9]+$&quot;,&quot;regex_alphabetic&quot;:&quot;^[a-zA-Z]+$&quot;,&quot;regex_alphanumeric&quot;:&quot;^[a-zA-Z0-9]+$&quot;,&quot;regex_date&quot;:&quot;^(0?[1-9]|1[012])[- .](0?[1-9]|[12][0-9]|3[01])[- \\\/.](19|20)?[0-9]{2}$&quot;,&quot;regex_email&quot;:&quot;^[a-zA-Z0-9._%-]+@[a-zA-Z0-9.-]+.[a-zA-Z]{2,4}$&quot;,&quot;regex_numeric_label&quot;:&quot;numeric&quot;,&quot;regex_alphabetic_label&quot;:&quot;alphabetic&quot;,&quot;regex_alphanumeric_label&quot;:&quot;alphanumeric&quot;,&quot;regex_date_label&quot;:&quot;date&quot;,&quot;regex_email_label&quot;:&quot;email&quot;,&quot;regex_custom_1&quot;:&quot;&quot;,&quot;regex_custom_2&quot;:&quot;&quot;,&quot;regex_custom_3&quot;:&quot;&quot;,&quot;regex_custom_4&quot;:&quot;&quot;,&quot;regex_custom_5&quot;:&quot;&quot;,&quot;regex_custom_1_label&quot;:&quot;custom 1&quot;,&quot;regex_custom_2_label&quot;:&quot;custom 2&quot;,&quot;regex_custom_3_label&quot;:&quot;custom 3&quot;,&quot;regex_custom_4_label&quot;:&quot;custom 4&quot;,&quot;regex_custom_5_label&quot;:&quot;custom 5&quot;}}\" \/><input type=\"hidden\" name=\"_wpcf7dtx_version\" value=\"5.0.5\" \/>\n<\/fieldset>\n<input class=\"wpcf7-form-control wpcf7-hidden\" value=\"sales@lutz-blades.com\" type=\"hidden\" name=\"recipient\" \/>\n<div class=\"form-field\"><span class=\"wpcf7-form-control-wrap\" data-name=\"clientname\"><input size=\"40\" maxlength=\"400\" class=\"wpcf7-form-control wpcf7-text\" id=\"form-name\" autocomplete=\"name\" aria-invalid=\"false\" placeholder=\"Nom\" value=\"\" type=\"text\" name=\"clientname\" \/><\/span><\/div>\n<div class=\"form-field\"><span class=\"wpcf7-form-control-wrap\" data-name=\"email\"><input size=\"40\" maxlength=\"400\" class=\"wpcf7-form-control wpcf7-email wpcf7-validates-as-required wpcf7-text wpcf7-validates-as-email\" id=\"form-email\" autocomplete=\"email\" aria-required=\"true\" aria-invalid=\"false\" placeholder=\"E-mail*\" value=\"\" type=\"email\" name=\"email\" \/><\/span><\/div>\n<div class=\"form-field\"><span class=\"wpcf7-form-control-wrap\" data-name=\"organization\"><input size=\"40\" maxlength=\"400\" class=\"wpcf7-form-control wpcf7-text\" id=\"form-organization\" autocomplete=\"organization\" aria-invalid=\"false\" placeholder=\"Soci\u00e9t\u00e9\" value=\"\" type=\"text\" name=\"organization\" \/><\/span><\/div>\n<div class=\"form-field\"><span class=\"wpcf7-form-control-wrap\" data-name=\"tel\"><input size=\"40\" maxlength=\"400\" class=\"wpcf7-form-control wpcf7-text\" id=\"form-tel\" autocomplete=\"tel\" aria-invalid=\"false\" placeholder=\"T\u00e9l\u00e9phone\" value=\"\" type=\"text\" name=\"tel\" \/><\/span><\/div>\n<div class=\"form-field full\"><span class=\"wpcf7-form-control-wrap\" data-name=\"message\"><textarea cols=\"40\" rows=\"10\" maxlength=\"2000\" class=\"wpcf7-form-control wpcf7-textarea wpcf7-validates-as-required\" id=\"form-message\" aria-required=\"true\" aria-invalid=\"false\" placeholder=\"Votre demande\" name=\"message\"><\/textarea><\/span><\/div>\n<div class=\"form-field full note\">Les champs marqu\u00e9s d&rsquo;un * sont obligatoires<\/div>\n<div class=\"form-field footer full\"><span class=\"wpcf7-form-control-wrap\" data-name=\"ds\"><span class=\"wpcf7-form-control wpcf7-acceptance\"><span class=\"wpcf7-list-item\"><label><input type=\"checkbox\" name=\"ds\" value=\"1\" aria-invalid=\"false\" \/><span class=\"wpcf7-list-item-label\">J&rsquo;ai pris connaissance de la <a href=\"\/fr\/protection-des-donnees\/\" target=\"_blank\">politique de confidentialit\u00e9<\/a>.<\/span><\/label><\/span><\/span><\/span><input class=\"wpcf7-form-control wpcf7-submit has-spinner\" type=\"submit\" value=\"Envoyer\" \/><\/div><p style=\"display: none !important;\" class=\"akismet-fields-container\" data-prefix=\"_wpcf7_ak_\"><label>&#916;<textarea name=\"_wpcf7_ak_hp_textarea\" cols=\"45\" rows=\"8\" maxlength=\"100\"><\/textarea><\/label><input type=\"hidden\" id=\"ak_js_1\" name=\"_wpcf7_ak_js\" value=\"113\"\/><script>document.getElementById( \"ak_js_1\" ).setAttribute( \"value\", ( new Date() ).getTime() );<\/script><\/p><input type='hidden' class='wpcf7-pum' value='{\"closepopup\":false,\"closedelay\":0,\"openpopup\":false,\"openpopup_id\":0}' \/><div class=\"wpcf7-response-output\" aria-hidden=\"true\"><\/div>\n<\/form>\n<\/div>\n\t\t\t\t\t<\/div> \n\t\t\n\t\t\t\t<\/div>\n\t\t\t\n<\/div>\n<\/section>","protected":false},"excerpt":{"rendered":"<p>Nous assumons notre responsabilit\u00e9 en concevant notre production et notre cha\u00eene de valeur de mani\u00e8re \u00e0 utiliser les ressources efficacement et \u00e0 \u00e9viter le gaspillage. Notre objectif est de r\u00e9duire durablement l&rsquo;impact de nos produits et de leur fabrication. Pour ce faire, nous analysons et optimisons continuellement nos processus, mettons en \u0153uvre des mesures cibl\u00e9es &#8230; <\/p>\n<p class=\"read-more-container\"><a title=\"Strat\u00e9gie environnementale\" class=\"read-more button\" href=\"https:\/\/lutz-blades.com\/fr\/lutz-blades-a-linterieur\/strategie-environnementale\/#more-111197\" aria-label=\"En savoir plus sur Strat\u00e9gie environnementale\">weiterlesen<\/a><\/p>\n","protected":false},"author":1,"featured_media":0,"parent":7698,"menu_order":2,"comment_status":"closed","ping_status":"closed","template":"","meta":{"_acf_changed":false,"footnotes":""},"class_list":{"0":"post-111197","1":"page","2":"type-page","3":"status-publish","5":"no-featured-image-padding"},"acf":[],"yoast_head":"<!-- This site is optimized with the Yoast SEO plugin v27.4 - https:\/\/yoast.com\/product\/yoast-seo-wordpress\/ -->\n<title>Durabilit\u00e9 chez LUTZ BLADES - ECO PLUS<\/title>\n<meta name=\"robots\" content=\"index, follow, max-snippet:-1, max-image-preview:large, max-video-preview:-1\" \/>\n<link rel=\"canonical\" href=\"https:\/\/lutz-blades.com\/fr\/lutz-blades-a-linterieur\/strategie-environnementale\/\" \/>\n<meta property=\"og:locale\" content=\"fr_FR\" \/>\n<meta property=\"og:type\" content=\"article\" \/>\n<meta property=\"og:title\" content=\"Durabilit\u00e9 chez LUTZ BLADES - ECO PLUS\" \/>\n<meta property=\"og:description\" content=\"Nous assumons notre responsabilit\u00e9 en concevant notre production et notre cha\u00eene de valeur de mani\u00e8re \u00e0 utiliser les ressources efficacement et \u00e0 \u00e9viter le gaspillage. Notre objectif est de r\u00e9duire durablement l&rsquo;impact de nos produits et de leur fabrication. Pour ce faire, nous analysons et optimisons continuellement nos processus, mettons en \u0153uvre des mesures cibl\u00e9es ... weiterlesen\" \/>\n<meta property=\"og:url\" content=\"https:\/\/lutz-blades.com\/fr\/lutz-blades-a-linterieur\/strategie-environnementale\/\" \/>\n<meta property=\"og:site_name\" content=\"LUTZ BLADES exactly\" \/>\n<meta property=\"article:modified_time\" content=\"2026-04-27T13:10:02+00:00\" \/>\n<meta property=\"og:image\" content=\"https:\/\/lutz-blades.com\/wp-content\/uploads\/diagram-3.png\" \/>\n<meta name=\"twitter:card\" content=\"summary_large_image\" \/>\n<meta name=\"twitter:label1\" content=\"Dur\u00e9e de lecture estim\u00e9e\" \/>\n\t<meta name=\"twitter:data1\" content=\"7 minutes\" \/>\n<script type=\"application\/ld+json\" class=\"yoast-schema-graph\">{\"@context\":\"https:\\\/\\\/schema.org\",\"@graph\":[{\"@type\":\"WebPage\",\"@id\":\"https:\\\/\\\/lutz-blades.com\\\/fr\\\/lutz-blades-a-linterieur\\\/strategie-environnementale\\\/\",\"url\":\"https:\\\/\\\/lutz-blades.com\\\/fr\\\/lutz-blades-a-linterieur\\\/strategie-environnementale\\\/\",\"name\":\"Durabilit\u00e9 chez LUTZ BLADES - ECO PLUS\",\"isPartOf\":{\"@id\":\"https:\\\/\\\/lutz-blades.com\\\/fr\\\/#website\"},\"primaryImageOfPage\":{\"@id\":\"https:\\\/\\\/lutz-blades.com\\\/fr\\\/lutz-blades-a-linterieur\\\/strategie-environnementale\\\/#primaryimage\"},\"image\":{\"@id\":\"https:\\\/\\\/lutz-blades.com\\\/fr\\\/lutz-blades-a-linterieur\\\/strategie-environnementale\\\/#primaryimage\"},\"thumbnailUrl\":\"https:\\\/\\\/lutz-blades.com\\\/wp-content\\\/uploads\\\/diagram-3.png\",\"datePublished\":\"2026-04-23T12:18:18+00:00\",\"dateModified\":\"2026-04-27T13:10:02+00:00\",\"breadcrumb\":{\"@id\":\"https:\\\/\\\/lutz-blades.com\\\/fr\\\/lutz-blades-a-linterieur\\\/strategie-environnementale\\\/#breadcrumb\"},\"inLanguage\":\"fr-FR\",\"potentialAction\":[{\"@type\":\"ReadAction\",\"target\":[\"https:\\\/\\\/lutz-blades.com\\\/fr\\\/lutz-blades-a-linterieur\\\/strategie-environnementale\\\/\"]}]},{\"@type\":\"ImageObject\",\"inLanguage\":\"fr-FR\",\"@id\":\"https:\\\/\\\/lutz-blades.com\\\/fr\\\/lutz-blades-a-linterieur\\\/strategie-environnementale\\\/#primaryimage\",\"url\":\"https:\\\/\\\/lutz-blades.com\\\/wp-content\\\/uploads\\\/diagram-3.png\",\"contentUrl\":\"https:\\\/\\\/lutz-blades.com\\\/wp-content\\\/uploads\\\/diagram-3.png\"},{\"@type\":\"BreadcrumbList\",\"@id\":\"https:\\\/\\\/lutz-blades.com\\\/fr\\\/lutz-blades-a-linterieur\\\/strategie-environnementale\\\/#breadcrumb\",\"itemListElement\":[{\"@type\":\"ListItem\",\"position\":1,\"name\":\"Startseite\",\"item\":\"https:\\\/\\\/lutz-blades.com\\\/fr\\\/\"},{\"@type\":\"ListItem\",\"position\":2,\"name\":\"Lutz Blades \u00e0 l&rsquo;int\u00e9rieur\",\"item\":\"https:\\\/\\\/lutz-blades.com\\\/fr\\\/lutz-blades-a-linterieur\\\/\"},{\"@type\":\"ListItem\",\"position\":3,\"name\":\"Strat\u00e9gie environnementale\"}]},{\"@type\":\"WebSite\",\"@id\":\"https:\\\/\\\/lutz-blades.com\\\/fr\\\/#website\",\"url\":\"https:\\\/\\\/lutz-blades.com\\\/fr\\\/\",\"name\":\"LUTZ BLADES exactly\",\"description\":\"\",\"publisher\":{\"@id\":\"https:\\\/\\\/lutz-blades.com\\\/fr\\\/#organization\"},\"potentialAction\":[{\"@type\":\"SearchAction\",\"target\":{\"@type\":\"EntryPoint\",\"urlTemplate\":\"https:\\\/\\\/lutz-blades.com\\\/fr\\\/?s={search_term_string}\"},\"query-input\":{\"@type\":\"PropertyValueSpecification\",\"valueRequired\":true,\"valueName\":\"search_term_string\"}}],\"inLanguage\":\"fr-FR\"},{\"@type\":\"Organization\",\"@id\":\"https:\\\/\\\/lutz-blades.com\\\/fr\\\/#organization\",\"name\":\"LUTZ BLADES exactly\",\"url\":\"https:\\\/\\\/lutz-blades.com\\\/fr\\\/\",\"logo\":{\"@type\":\"ImageObject\",\"inLanguage\":\"fr-FR\",\"@id\":\"https:\\\/\\\/lutz-blades.com\\\/fr\\\/#\\\/schema\\\/logo\\\/image\\\/\",\"url\":\"https:\\\/\\\/lutz-blades.com\\\/wp-content\\\/uploads\\\/lutz-blades-logo.svg\",\"contentUrl\":\"https:\\\/\\\/lutz-blades.com\\\/wp-content\\\/uploads\\\/lutz-blades-logo.svg\",\"width\":240,\"height\":66,\"caption\":\"LUTZ BLADES exactly\"},\"image\":{\"@id\":\"https:\\\/\\\/lutz-blades.com\\\/fr\\\/#\\\/schema\\\/logo\\\/image\\\/\"}}]}<\/script>\n<!-- \/ Yoast SEO plugin. -->","yoast_head_json":{"title":"Durabilit\u00e9 chez LUTZ BLADES - ECO PLUS","robots":{"index":"index","follow":"follow","max-snippet":"max-snippet:-1","max-image-preview":"max-image-preview:large","max-video-preview":"max-video-preview:-1"},"canonical":"https:\/\/lutz-blades.com\/fr\/lutz-blades-a-linterieur\/strategie-environnementale\/","og_locale":"fr_FR","og_type":"article","og_title":"Durabilit\u00e9 chez LUTZ BLADES - ECO PLUS","og_description":"Nous assumons notre responsabilit\u00e9 en concevant notre production et notre cha\u00eene de valeur de mani\u00e8re \u00e0 utiliser les ressources efficacement et \u00e0 \u00e9viter le gaspillage. Notre objectif est de r\u00e9duire durablement l&rsquo;impact de nos produits et de leur fabrication. Pour ce faire, nous analysons et optimisons continuellement nos processus, mettons en \u0153uvre des mesures cibl\u00e9es ... weiterlesen","og_url":"https:\/\/lutz-blades.com\/fr\/lutz-blades-a-linterieur\/strategie-environnementale\/","og_site_name":"LUTZ BLADES exactly","article_modified_time":"2026-04-27T13:10:02+00:00","og_image":[{"url":"https:\/\/lutz-blades.com\/wp-content\/uploads\/diagram-3.png","type":"","width":"","height":""}],"twitter_card":"summary_large_image","twitter_misc":{"Dur\u00e9e de lecture estim\u00e9e":"7 minutes"},"schema":{"@context":"https:\/\/schema.org","@graph":[{"@type":"WebPage","@id":"https:\/\/lutz-blades.com\/fr\/lutz-blades-a-linterieur\/strategie-environnementale\/","url":"https:\/\/lutz-blades.com\/fr\/lutz-blades-a-linterieur\/strategie-environnementale\/","name":"Durabilit\u00e9 chez LUTZ BLADES - ECO PLUS","isPartOf":{"@id":"https:\/\/lutz-blades.com\/fr\/#website"},"primaryImageOfPage":{"@id":"https:\/\/lutz-blades.com\/fr\/lutz-blades-a-linterieur\/strategie-environnementale\/#primaryimage"},"image":{"@id":"https:\/\/lutz-blades.com\/fr\/lutz-blades-a-linterieur\/strategie-environnementale\/#primaryimage"},"thumbnailUrl":"https:\/\/lutz-blades.com\/wp-content\/uploads\/diagram-3.png","datePublished":"2026-04-23T12:18:18+00:00","dateModified":"2026-04-27T13:10:02+00:00","breadcrumb":{"@id":"https:\/\/lutz-blades.com\/fr\/lutz-blades-a-linterieur\/strategie-environnementale\/#breadcrumb"},"inLanguage":"fr-FR","potentialAction":[{"@type":"ReadAction","target":["https:\/\/lutz-blades.com\/fr\/lutz-blades-a-linterieur\/strategie-environnementale\/"]}]},{"@type":"ImageObject","inLanguage":"fr-FR","@id":"https:\/\/lutz-blades.com\/fr\/lutz-blades-a-linterieur\/strategie-environnementale\/#primaryimage","url":"https:\/\/lutz-blades.com\/wp-content\/uploads\/diagram-3.png","contentUrl":"https:\/\/lutz-blades.com\/wp-content\/uploads\/diagram-3.png"},{"@type":"BreadcrumbList","@id":"https:\/\/lutz-blades.com\/fr\/lutz-blades-a-linterieur\/strategie-environnementale\/#breadcrumb","itemListElement":[{"@type":"ListItem","position":1,"name":"Startseite","item":"https:\/\/lutz-blades.com\/fr\/"},{"@type":"ListItem","position":2,"name":"Lutz Blades \u00e0 l&rsquo;int\u00e9rieur","item":"https:\/\/lutz-blades.com\/fr\/lutz-blades-a-linterieur\/"},{"@type":"ListItem","position":3,"name":"Strat\u00e9gie environnementale"}]},{"@type":"WebSite","@id":"https:\/\/lutz-blades.com\/fr\/#website","url":"https:\/\/lutz-blades.com\/fr\/","name":"LUTZ BLADES exactly","description":"","publisher":{"@id":"https:\/\/lutz-blades.com\/fr\/#organization"},"potentialAction":[{"@type":"SearchAction","target":{"@type":"EntryPoint","urlTemplate":"https:\/\/lutz-blades.com\/fr\/?s={search_term_string}"},"query-input":{"@type":"PropertyValueSpecification","valueRequired":true,"valueName":"search_term_string"}}],"inLanguage":"fr-FR"},{"@type":"Organization","@id":"https:\/\/lutz-blades.com\/fr\/#organization","name":"LUTZ BLADES exactly","url":"https:\/\/lutz-blades.com\/fr\/","logo":{"@type":"ImageObject","inLanguage":"fr-FR","@id":"https:\/\/lutz-blades.com\/fr\/#\/schema\/logo\/image\/","url":"https:\/\/lutz-blades.com\/wp-content\/uploads\/lutz-blades-logo.svg","contentUrl":"https:\/\/lutz-blades.com\/wp-content\/uploads\/lutz-blades-logo.svg","width":240,"height":66,"caption":"LUTZ BLADES exactly"},"image":{"@id":"https:\/\/lutz-blades.com\/fr\/#\/schema\/logo\/image\/"}}]}},"_links":{"self":[{"href":"https:\/\/lutz-blades.com\/fr\/wp-json\/wp\/v2\/pages\/111197","targetHints":{"allow":["GET"]}}],"collection":[{"href":"https:\/\/lutz-blades.com\/fr\/wp-json\/wp\/v2\/pages"}],"about":[{"href":"https:\/\/lutz-blades.com\/fr\/wp-json\/wp\/v2\/types\/page"}],"author":[{"embeddable":true,"href":"https:\/\/lutz-blades.com\/fr\/wp-json\/wp\/v2\/users\/1"}],"replies":[{"embeddable":true,"href":"https:\/\/lutz-blades.com\/fr\/wp-json\/wp\/v2\/comments?post=111197"}],"version-history":[{"count":2,"href":"https:\/\/lutz-blades.com\/fr\/wp-json\/wp\/v2\/pages\/111197\/revisions"}],"predecessor-version":[{"id":111208,"href":"https:\/\/lutz-blades.com\/fr\/wp-json\/wp\/v2\/pages\/111197\/revisions\/111208"}],"up":[{"embeddable":true,"href":"https:\/\/lutz-blades.com\/fr\/wp-json\/wp\/v2\/pages\/7698"}],"wp:attachment":[{"href":"https:\/\/lutz-blades.com\/fr\/wp-json\/wp\/v2\/media?parent=111197"}],"curies":[{"name":"wp","href":"https:\/\/api.w.org\/{rel}","templated":true}]}}