{"id":111203,"date":"2026-04-23T14:18:18","date_gmt":"2026-04-23T12:18:18","guid":{"rendered":"https:\/\/lutz-blades.com\/cuchillas-lutz-en-el-interior\/estrategia-medioambiental\/"},"modified":"2026-04-27T15:11:31","modified_gmt":"2026-04-27T13:11:31","slug":"estrategia-medioambiental","status":"publish","type":"page","link":"https:\/\/lutz-blades.com\/es\/cuchillas-lutz-en-el-interior\/estrategia-medioambiental\/","title":{"rendered":"Estrategia medioambiental"},"content":{"rendered":"\n\t\t\t       \n            \n            <div class=\"hero hero-d05b8e79 sub\" data-slides=\"1\" data-start=\"0\">\n\t\t\t\t\n\t\t\t\t\t\t\t\t\n\t\t\t\t<div class=\"acf-innerblocks-container\">\n\r\n\t\t\t       \r\n                    \r\n            <div class=\"hero-slide hero-slide-a67cb3d6 is-style-image\">\r\n\t\t\t\t<div class=\"hero-canvas\" data-aos=\"fade-right\">\r\n\t\t\t\t\t<h1 class=\"hero-headline\">Nuestros esfuerzos de cara al futuro<\/h1>\t\t\t\t\t\t\t\t\t\t\t\t\t\t<\/div>\r\n\t\t\t\t<div class=\"hero-media hero-media-image\" data-aos=\"fade-left\"><img loading=\"lazy\" decoding=\"async\" width=\"1400\" height=\"788\" src=\"https:\/\/lutz-blades.com\/wp-content\/uploads\/standort-solingen-01-1.jpg\" class=\"attachment-full size-full\" alt=\"\" srcset=\"https:\/\/lutz-blades.com\/wp-content\/uploads\/standort-solingen-01-1.jpg 1400w, https:\/\/lutz-blades.com\/wp-content\/uploads\/standort-solingen-01-1-300x169.jpg 300w, https:\/\/lutz-blades.com\/wp-content\/uploads\/standort-solingen-01-1-1024x576.jpg 1024w, https:\/\/lutz-blades.com\/wp-content\/uploads\/standort-solingen-01-1-768x432.jpg 768w, https:\/\/lutz-blades.com\/wp-content\/uploads\/standort-solingen-01-1-800x450.jpg 800w\" sizes=\"auto, (max-width: 1400px) 100vw, 1400px\" \/><\/div>            <\/div>\r\n\t\t\t\t\r\n            \t\t\t\r\n\t\t\t\r\n\r\n\r\n            \n<\/div>\n\t\t\t\t\t\t\t\t\t\t\t\t\n\t\t\t\t\t\t\t<\/div>\n\t\t\t\t\n\t\t\t\n\t\t\t        \n            \n\n<section class=\"gb-container gb-container-f420d16f gb-container-white\">\n<div class=\"gb-container gb-container-1bb3f6f5\">\n<div class=\"gb-container gb-container-4ff532e4\" data-aos=\"fade-right\">\n\n<div class=\"wp-block-pixel-headline headlines is-subheadline-bottom has-text-align-left\"><h2 class=\"headline\" style=\"color:\">Nuestro enfoque se basa en el pensamiento a largo plazo y en etapas claramente definidas, no en medidas a corto plazo<\/h2><\/div>\n\n\n\n<p>Asumimos nuestra responsabilidad configurando nuestra producci\u00f3n y cadena de valor de modo que los recursos se utilicen de forma eficiente y se evite el desperdicio. Nuestro objetivo es reducir a largo plazo el impacto de nuestros productos y de su fabricaci\u00f3n. Para ello, analizamos y optimizamos continuamente nuestros procesos, aplicamos medidas espec\u00edficas y seguimos evolucionando, en todos aquellos \u00e1mbitos en los que sea t\u00e9cnicamente viable y econ\u00f3micamente razonable. Siempre que es posible, recurrimos a materias primas naturales o reciclables para cerrar el ciclo de los recursos y aumentar la eficiencia de los materiales.   <\/p>\n\n<\/div>\n<\/div>\n<\/section>\n\n<section class=\"gb-container gb-container-d89abc98 gb-container-grau\">\n<div class=\"gb-container gb-container-ea749d80\">\n<div class=\"gb-grid-wrapper gb-grid-wrapper-cd2a23d3\">\n<div class=\"gb-grid-column gb-grid-column-b83f778a\"><div class=\"gb-container gb-container-b83f778a\" data-aos=\"fade-right\">\n\n<figure class=\"gb-block-image gb-block-image-82966e3d\"><img loading=\"lazy\" decoding=\"async\" width=\"1200\" height=\"1081\" class=\"gb-image gb-image-82966e3d\" src=\"https:\/\/lutz-blades.com\/wp-content\/uploads\/diagram-3.png\" alt=\"\"  srcset=\"https:\/\/lutz-blades.com\/wp-content\/uploads\/diagram-3.png 1200w, https:\/\/lutz-blades.com\/wp-content\/uploads\/diagram-3-300x270.png 300w, https:\/\/lutz-blades.com\/wp-content\/uploads\/diagram-3-1024x922.png 1024w, https:\/\/lutz-blades.com\/wp-content\/uploads\/diagram-3-768x692.png 768w, https:\/\/lutz-blades.com\/wp-content\/uploads\/diagram-3-555x500.png 555w\" sizes=\"auto, (max-width: 1200px) 100vw, 1200px\" \/><\/figure>\n\n<\/div><\/div>\n\n<div class=\"gb-grid-column gb-grid-column-c6102031\"><div class=\"gb-container gb-container-c6102031\">\n\n<div class=\"wp-block-pixel-headline headlines is-subheadline-bottom has-text-align-left\"><h2 class=\"headline\" style=\"color:\">Nuestra estrategia<\/h2><\/div>\n\n\n\n<p>La base de nuestros esfuerzos y objetivos para aumentar nuestra eficiencia en el uso de los recursos es la ISO 14001. Hemos implantado la norma en nuestra empresa en 2024 y seguimos desarrollando el sistema de gesti\u00f3n de forma continua mediante el intercambio permanente y auditor\u00edas internas peri\u00f3dicas. El sistema de gesti\u00f3n incluye a todas las partes interesadas, entre ellas clientes, proveedores, empleados, as\u00ed como todas las sedes de LUTZ. El \u00e1mbito de aplicaci\u00f3n abarca el desarrollo, el dise\u00f1o, la fabricaci\u00f3n y la comercializaci\u00f3n de sistemas de corte, cuchillas y cuchillos.   <\/p>\n\n\n\n<p><\/p>\n\n\n\n<p>Adem\u00e1s de la ISO 14001, en Lutz contamos desde 2018 con la ISO 50001 de sistemas de gesti\u00f3n de la energ\u00eda. La implementaci\u00f3n de la norma en la empresa no solo nos ayuda a registrar indicadores relevantes, sino tambi\u00e9n a identificar potenciales para reducir nuestro consumo energ\u00e9tico. <\/p>\n\n\n\n<p><\/p>\n\n\n\n<p>Mediante la definici\u00f3n de objetivos medioambientales y energ\u00e9ticos anuales, la evaluaci\u00f3n del cumplimiento de dichos objetivos en el marco de revisiones de la direcci\u00f3n y el trabajo conforme al ciclo PDCA, nos aseguramos de considerar y evaluar de forma continua nuestras actividades y sus impactos a lo largo de toda la cadena de valor. <\/p>\n\n<\/div><\/div>\n<\/div>\n<\/div>\n<\/section>\n\n<section class=\"gb-container gb-container-758d1e7e gb-container-white\">\n<div class=\"gb-container gb-container-9caf02d7\">\n<div class=\"gb-container gb-container-0a7315d6\">\n<div class=\"gb-container gb-container-72803721\" data-aos=\"fade-right\">\n\n<div class=\"wp-block-pixel-headline headlines is-subheadline-bottom has-text-align-center\"><h2 class=\"headline\" style=\"color:\">Nuestros temas clave<\/h2><\/div>\n\n<\/div>\n<\/div>\n\n<div class=\"gb-container gb-container-cdda53c8\">\n<div class=\"gb-container gb-container-512791ed\">\n<div class=\"gb-grid-wrapper gb-grid-wrapper-eeff40d7\">\n<div class=\"gb-grid-column gb-grid-column-1da1605b\"><div class=\"gb-container gb-container-1da1605b\">\n\n<figure class=\"gb-block-image gb-block-image-f1788173\"><img loading=\"lazy\" decoding=\"async\" width=\"120\" height=\"120\" class=\"gb-image gb-image-f1788173\" src=\"https:\/\/lutz-blades.com\/wp-content\/uploads\/\/icon_recycling.svg\" alt=\"\" \/><\/figure>\n\n\n\n<div class=\"wp-block-pixel-headline headlines is-subheadline-bottom has-text-align-center\"><h3 class=\"headline\" style=\"color:\">Sustituci\u00f3n de pl\u00e1stico<\/h3><\/div>\n\n<\/div><\/div>\n\n<div class=\"gb-grid-column gb-grid-column-6f5920c1\"><div class=\"gb-container gb-container-6f5920c1\">\n\n<div class=\"wp-block-group is-nowrap is-layout-flex wp-container-core-group-is-layout-ad2f72ca wp-block-group-is-layout-flex\">\n<figure class=\"gb-block-image gb-block-image-7883398c\"><img loading=\"lazy\" decoding=\"async\" width=\"120\" height=\"120\" class=\"gb-image gb-image-7883398c\" src=\"https:\/\/lutz-blades.com\/wp-content\/uploads\/\/icon_abfaelle.svg\" alt=\"\" \/><\/figure>\n<\/div>\n\n\n\n<div class=\"wp-block-pixel-headline headlines is-subheadline-bottom has-text-align-center\"><h3 class=\"headline\" style=\"color:\">Mejora de la eficiencia energ\u00e9tica<\/h3><\/div>\n\n<\/div><\/div>\n\n<div class=\"gb-grid-column gb-grid-column-ed3ac53d\"><div class=\"gb-container gb-container-ed3ac53d\">\n\n<div class=\"wp-block-group is-nowrap is-layout-flex wp-container-core-group-is-layout-ad2f72ca wp-block-group-is-layout-flex\">\n<figure class=\"gb-block-image gb-block-image-d1835e66\"><img loading=\"lazy\" decoding=\"async\" width=\"120\" height=\"120\" class=\"gb-image gb-image-d1835e66\" src=\"https:\/\/lutz-blades.com\/wp-content\/uploads\/\/icon_recycling.svg\" alt=\"\" \/><\/figure>\n<\/div>\n\n\n\n<div class=\"wp-block-pixel-headline headlines is-subheadline-bottom has-text-align-center\"><h3 class=\"headline\" style=\"color:\">Uso de material reciclado<\/h3><\/div>\n\n<\/div><\/div>\n\n<div class=\"gb-grid-column gb-grid-column-53777f46\"><div class=\"gb-container gb-container-53777f46\">\n\n<figure class=\"gb-block-image gb-block-image-f93cadca\"><img loading=\"lazy\" decoding=\"async\" width=\"120\" height=\"120\" class=\"gb-image gb-image-f93cadca\" src=\"https:\/\/lutz-blades.com\/wp-content\/uploads\/\/icon_ressourceneinsatz.svg\" alt=\"\" \/><\/figure>\n\n\n\n<div class=\"wp-block-pixel-headline headlines is-subheadline-bottom has-text-align-center\"><h3 class=\"headline\" style=\"color:\">Reducir el uso de recursos<\/h3><\/div>\n\n<\/div><\/div>\n<\/div>\n<\/div>\n<\/div>\n<\/div>\n<\/section>\n\n<section class=\"gb-container gb-container-93fdfeb8 gb-container-grau\">\n<div class=\"gb-container gb-container-6cb8d8fd\">\n<div class=\"gb-grid-wrapper gb-grid-wrapper-adb5808f\">\n<div class=\"gb-grid-column gb-grid-column-990d4973\"><div class=\"gb-container gb-container-990d4973\">\n<div class=\"gb-container gb-container-156e59d4\">\n\n<div class=\"wp-block-pixel-headline headlines is-subheadline-bottom has-text-align-center\"><h2 class=\"headline\" style=\"color:\">El c\u00e1lculo de la huella de carbono (CO2)<\/h2><\/div>\n\n\n\n<p class=\"has-text-align-center\">Existen diferentes m\u00e9todos para mostrar el impacto que los productos tienen en el medio ambiente. Uno de ellos es el c\u00e1lculo de la huella de carbono (CO2) del producto, tambi\u00e9n denominada Product Carbon Footprint (PCF). El PCF de un producto describe todas las emisiones de CO2 que se generan durante el ciclo de vida del producto y se compone de los alcances (Scope) 1, 2 y 3.  <\/p>\n\n<\/div>\n<\/div><\/div>\n\n<div class=\"gb-grid-column gb-grid-column-4b009472\"><div class=\"gb-container gb-container-4b009472\">\n<div class=\"gb-grid-wrapper gb-grid-wrapper-99fadcd6\">\n<div class=\"gb-grid-column gb-grid-column-b88cc599\"><div class=\"gb-container gb-container-b88cc599\">\n\n<figure class=\"gb-block-image gb-block-image-65bd96d2\"><img loading=\"lazy\" decoding=\"async\" width=\"120\" height=\"120\" class=\"gb-image gb-image-65bd96d2\" src=\"https:\/\/lutz-blades.com\/wp-content\/uploads\/icon-emissions.svg\" alt=\"\" \/><\/figure>\n\n\n\n<div class=\"wp-block-pixel-headline headlines is-subheadline-bottom has-text-align-center is-gap-sm\"><h3 class=\"headline\" style=\"color:\">Scope 1: emisiones directas<\/h3><\/div>\n\n\n\n<p class=\"has-text-align-center\">Las emisiones procedentes de fuentes propias o controladas, p. ej., la combusti\u00f3n de combustibles f\u00f3siles en instalaciones de la empresa (calderas de calefacci\u00f3n, hornos).<\/p>\n\n<\/div><\/div>\n\n<div class=\"gb-grid-column gb-grid-column-756621c5\"><div class=\"gb-container gb-container-756621c5\">\n\n<figure class=\"gb-block-image gb-block-image-3ecee514\"><img loading=\"lazy\" decoding=\"async\" width=\"120\" height=\"120\" class=\"gb-image gb-image-3ecee514\" src=\"https:\/\/lutz-blades.com\/wp-content\/uploads\/icon-energy.svg\" alt=\"\" \/><\/figure>\n\n\n\n<div class=\"wp-block-pixel-headline headlines is-subheadline-bottom has-text-align-center is-gap-sm\"><h3 class=\"headline\" style=\"color:\">Scope 2: emisiones indirectas derivadas del consumo de energ\u00eda<\/h3><\/div>\n\n\n\n<p class=\"has-text-align-center\">Las emisiones derivadas de la energ\u00eda adquirida, p. ej., las que se generan durante la producci\u00f3n de la electricidad comprada.<\/p>\n\n<\/div><\/div>\n\n<div class=\"gb-grid-column gb-grid-column-79b29229\"><div class=\"gb-container gb-container-79b29229\">\n\n<figure class=\"gb-block-image gb-block-image-48ed418a\"><img loading=\"lazy\" decoding=\"async\" width=\"120\" height=\"120\" class=\"gb-image gb-image-48ed418a\" src=\"https:\/\/lutz-blades.com\/wp-content\/uploads\/icon-value-chain.svg\" alt=\"\" \/><\/figure>\n\n\n\n<div class=\"wp-block-pixel-headline headlines is-subheadline-bottom has-text-align-center is-gap-sm\"><h3 class=\"headline\" style=\"color:\">Scope 3: emisiones indirectas de la cadena de valor<\/h3><\/div>\n\n\n\n<p class=\"has-text-align-center\">Las emisiones aguas arriba y aguas abajo que no est\u00e1n controladas directamente por la empresa, p. ej., la adquisici\u00f3n de materias primas o las actividades de los proveedores.<\/p>\n\n<\/div><\/div>\n<\/div>\n<\/div><\/div>\n<\/div>\n<\/div>\n<\/section>\n\n<section class=\"gb-container gb-container-71b7f48e\">\n<div class=\"gb-container gb-container-9ed16566 gb-container-white\">\n<div class=\"gb-grid-wrapper gb-grid-wrapper-7a6ab449\">\n<div class=\"gb-grid-column gb-grid-column-221a6054\"><div class=\"gb-container gb-container-221a6054\">\n\n<div class=\"wp-block-pixel-headline headlines is-subheadline-bottom has-text-align-left\"><h2 class=\"headline\" style=\"color:\">El PCF muestra las emisiones:<br>Ejemplo de cuchilla segmentable de LUTZ BLADES<\/h2><\/div>\n\n\n\n<p>El c\u00e1lculo del PCF permite clasificar los productos y las emisiones asociadas en categor\u00edas y, de este modo, hacerlos comparables entre s\u00ed.<br><\/p>\n\n\n\n<p><strong>C\u00e1lculo de ejemplo: la cuchilla segmentable-2011 de LUTZ BLADES<\/strong><br><\/p>\n\n\n\n<p>La cuchilla segmentable-2011 de LUTZ BLADES est\u00e1 fabricada en acero inoxidable o acero al carbono. Se utiliza para cortar alfombras y l\u00e1minas, as\u00ed como para pelar cables, y cuenta con segmentos de rotura<br>.<br> <br>Como base de c\u00e1lculo se utilizaron 150 cuchillas de acero al carbono. Con una longitud de 100,00 mm, una anchura de 17,70 mm y un grosor de 0,5 mm, tienen un peso de material de 1 kg.  <br> <br>Para el c\u00e1lculo del PCF se utilizaron las emisiones resultantes de los alcances (Scope) 1 y 2, as\u00ed como las emisiones proporcionales del alcance (Scope) 3, en la medida en que se conoc\u00edan.<br> <br><strong>El PCF medio ponderado por cantidad de esta cuchilla es de 4,62 por kilo.<\/strong><\/p>\n\n<\/div><\/div>\n\n<div class=\"gb-grid-column gb-grid-column-be5efc82\"><div class=\"gb-container gb-container-be5efc82\">\n\n<figure class=\"gb-block-image gb-block-image-5f802ddd\"><img loading=\"lazy\" decoding=\"async\" width=\"642\" height=\"332\" class=\"gb-image gb-image-5f802ddd\" src=\"https:\/\/lutz-blades.com\/wp-content\/uploads\/Klingenbox-Eco-Plus.png\" alt=\"\"  srcset=\"https:\/\/lutz-blades.com\/wp-content\/uploads\/Klingenbox-Eco-Plus.png 642w, https:\/\/lutz-blades.com\/wp-content\/uploads\/Klingenbox-Eco-Plus-300x155.png 300w\" sizes=\"auto, (max-width: 642px) 100vw, 642px\" \/><\/figure>\n\n<\/div><\/div>\n<\/div>\n<\/div>\n<\/section>\n\n<section class=\"gb-container gb-container-ec146c71 invert gb-container-brand-gradient-half\">\n<div class=\"gb-grid-wrapper gb-grid-wrapper-032f90bf\">\n<div class=\"gb-grid-column gb-grid-column-c98d2d66\"><div class=\"gb-container gb-container-c98d2d66\" data-aos=\"fade-right\">\n\n<div class=\"wp-block-pixel-headline headlines is-subheadline-bottom has-text-align-left\"><h2 class=\"headline\" style=\"color:\">\u00bfQu\u00e9 hemos logrado ya?<\/h2><\/div>\n\n\n\n<p>Hemos integrado firmemente el est\u00e1ndar internacional ISO 14001 en nuestros procesos empresariales, creando as\u00ed la base para una gesti\u00f3n sistem\u00e1tica de nuestros temas ecol\u00f3gicamente relevantes. En el marco de la implantaci\u00f3n, hemos recopilado datos exhaustivos sobre consumos de energ\u00eda y recursos, as\u00ed como sobre emisiones. Estos datos constituyen la base para objetivos claramente definidos y permiten una medici\u00f3n transparente de nuestros avances.  <\/p>\n\n\n\n<p><\/p>\n\n\n\n<p>Los resultados obtenidos ya son visibles: hemos incrementado la tasa de reciclaje de residuos en un 18%, hemos implantado papel reciclado en toda la empresa y hemos optimizado el consumo energ\u00e9tico en \u00e1reas como la gesti\u00f3n t\u00e9cnica de edificios, la generaci\u00f3n de aire comprimido y la iluminaci\u00f3n. En nuestro propio proceso de moldeo por inyecci\u00f3n fabricamos envases para nuestras cuchillas que son reciclables hasta en un 100% y contienen hasta un 49% de material reciclado; adem\u00e1s, reciclamos pl\u00e1sticos directamente en el circuito interno. <\/p>\n\n\n\n<p><\/p>\n\n\n\n<p>En 2025 publicamos internamente nuestro primer informe de sostenibilidad basado en el Voluntary Sustainable Reporting Standard (VSME) para presentar de forma transparente nuestras medidas y objetivos. Parte de nuestra responsabilidad es tambi\u00e9n la gesti\u00f3n de nuestra cadena de suministro. Por ello, hemos establecido tanto un C\u00f3digo de Conducta para proveedores como un c\u00f3digo de conducta interno.  <\/p>\n\n<\/div><\/div>\n<\/div>\n<\/section>\n\n<section class=\"gb-container gb-container-e80894ba gb-container-grau\" id=\"Kontakt\"><a class=\"gb-container-link\" href=\"https:\/\/lutz-blades.com\/wp-content\/uploads\/DIN_EN_ISO_50001-2018_2023_de.pdf\"><\/a>\n<div class=\"gb-container gb-container-42a512ca\">\n\t\t\t\t<div id=\"kontakt\" class=\"contact-form is-style-address gb-grid-wrapper \" >\n\n\t\t\t\t\t\t\t\t\t\t\t<div class=\"contact-form-head gb-grid-column\" style=\"width: 100%;\" data-aos=\"fade-right\">\n\t\t\t\t\t\t\t<div class=\"wp-block-pixel-headline headlines is-subheadline-bottom is-h1 has-text-align-left\">\n\t\t\t\t\t\t\t\t<h2 class=\"headline is-h2\">\n\t\t\t\t\t\t\t\t\t\u00bfTiene alguna otra pregunta?\t\t\t\t\t\t\t\t<\/h2>\n\t\t\t\t\t\t\t\t<span class=\"subheadline\">Estaremos encantados de ayudarle.<\/span>\n\t\t\t\t\t\t\t<\/div>\n\t\t\t\t\t\t<\/div>\n\t\t\t\t\t\n\t\t\t\t\t\t\t\t\t\t\t<address class=\"address address-lutz contact-form-side gb-grid-column\" data-aos=\"fade-right\">\n                            \n\t\t\t\t\t\t\t                                <div class=\"address-head\">\n                                    <span class=\"address-line address-name\">LUTZ GmbH &amp; Co KG<\/span>\n                                <\/div>\n                                <div class=\"address-location\">\n                                    <span class=\"address-line address-street\">Piepersberg 20<\/span>\n                                    <span class=\"address-line address-city address-city\">42653 Solingen<\/span>\n                                    <span class=\"address-line address-country\">Alemania<\/span>\n                                <\/div>\n                                <div class=\"address-contact\">\n                                    <span class=\"address-line address-phone\"><strong>Tel.:<\/strong> <a href=\"tel:+4921259660\" target=\"_blank\" rel=\"nofollow\">+49 212 5966-0<\/a><\/span>\t\n                                    <span class=\"address-line address-mail\"><strong>Correo electr\u00f3nico: <\/strong><a href=\"mailto:%73%61%6ce&#115;%40&#108;%75%74&#122;-b&#108;%61%64%65%73.&#99;om\" target=\"_blank\">sales@lutz-blades.com<\/a> <\/span>\n                                <\/div>\n                            \t\t\t\t\t\t<\/address>\n\t\t\t\t\t\n\t\t\t\t\t\t\t\n\t\t\t\t\t<div class=\"contact-form-main gb-grid-column\" data-aos=\"fade-left\">\n\t\t\t\t\t\t\n<div class=\"wpcf7 no-js\" id=\"wpcf7-f8222-o1\" lang=\"es-ES\" dir=\"ltr\" data-wpcf7-id=\"8222\">\n<div class=\"screen-reader-response\"><p role=\"status\" aria-live=\"polite\" aria-atomic=\"true\"><\/p> <ul><\/ul><\/div>\n<form action=\"\/es\/wp-json\/wp\/v2\/pages\/111203#wpcf7-f8222-o1\" method=\"post\" class=\"wpcf7-form init\" aria-label=\"Formulario de contacto\" novalidate=\"novalidate\" data-status=\"init\">\n<fieldset class=\"hidden-fields-container\"><input type=\"hidden\" name=\"_wpcf7\" value=\"8222\" \/><input type=\"hidden\" name=\"_wpcf7_version\" value=\"6.1.5\" \/><input type=\"hidden\" name=\"_wpcf7_locale\" value=\"es_ES\" \/><input type=\"hidden\" name=\"_wpcf7_unit_tag\" value=\"wpcf7-f8222-o1\" \/><input type=\"hidden\" name=\"_wpcf7_container_post\" value=\"0\" \/><input type=\"hidden\" name=\"_wpcf7_posted_data_hash\" value=\"\" \/><input type=\"hidden\" name=\"_wpcf7cf_hidden_group_fields\" value=\"[]\" \/><input type=\"hidden\" name=\"_wpcf7cf_hidden_groups\" value=\"[]\" \/><input type=\"hidden\" name=\"_wpcf7cf_visible_groups\" value=\"[]\" \/><input type=\"hidden\" name=\"_wpcf7cf_repeaters\" value=\"[]\" \/><input type=\"hidden\" name=\"_wpcf7cf_steps\" value=\"{}\" \/><input type=\"hidden\" name=\"_wpcf7cf_options\" value=\"{&quot;form_id&quot;:8222,&quot;conditions&quot;:[],&quot;settings&quot;:{&quot;animation&quot;:&quot;no&quot;,&quot;animation_intime&quot;:&quot;200&quot;,&quot;animation_outtime&quot;:&quot;200&quot;,&quot;conditions_ui&quot;:&quot;normal&quot;,&quot;notice_dismissed&quot;:&quot;&quot;,&quot;regex_numeric&quot;:&quot;^[0-9]+$&quot;,&quot;regex_alphabetic&quot;:&quot;^[a-zA-Z]+$&quot;,&quot;regex_alphanumeric&quot;:&quot;^[a-zA-Z0-9]+$&quot;,&quot;regex_date&quot;:&quot;^(0?[1-9]|1[012])[- .](0?[1-9]|[12][0-9]|3[01])[- \\\/.](19|20)?[0-9]{2}$&quot;,&quot;regex_email&quot;:&quot;^[a-zA-Z0-9._%-]+@[a-zA-Z0-9.-]+.[a-zA-Z]{2,4}$&quot;,&quot;regex_numeric_label&quot;:&quot;numeric&quot;,&quot;regex_alphabetic_label&quot;:&quot;alphabetic&quot;,&quot;regex_alphanumeric_label&quot;:&quot;alphanumeric&quot;,&quot;regex_date_label&quot;:&quot;date&quot;,&quot;regex_email_label&quot;:&quot;email&quot;,&quot;regex_custom_1&quot;:&quot;&quot;,&quot;regex_custom_2&quot;:&quot;&quot;,&quot;regex_custom_3&quot;:&quot;&quot;,&quot;regex_custom_4&quot;:&quot;&quot;,&quot;regex_custom_5&quot;:&quot;&quot;,&quot;regex_custom_1_label&quot;:&quot;custom 1&quot;,&quot;regex_custom_2_label&quot;:&quot;custom 2&quot;,&quot;regex_custom_3_label&quot;:&quot;custom 3&quot;,&quot;regex_custom_4_label&quot;:&quot;custom 4&quot;,&quot;regex_custom_5_label&quot;:&quot;custom 5&quot;}}\" \/><input type=\"hidden\" name=\"_wpcf7dtx_version\" value=\"5.0.5\" \/>\n<\/fieldset>\n<input class=\"wpcf7-form-control wpcf7-hidden\" value=\"sales@lutz-blades.com\" type=\"hidden\" name=\"recipient\" \/>\n<div class=\"form-field\"><span class=\"wpcf7-form-control-wrap\" data-name=\"clientname\"><input size=\"40\" maxlength=\"400\" class=\"wpcf7-form-control wpcf7-text\" id=\"form-name\" autocomplete=\"name\" aria-invalid=\"false\" placeholder=\"Nombre\" value=\"\" type=\"text\" name=\"clientname\" \/><\/span><\/div>\n<div class=\"form-field\"><span class=\"wpcf7-form-control-wrap\" data-name=\"email\"><input size=\"40\" maxlength=\"400\" class=\"wpcf7-form-control wpcf7-email wpcf7-validates-as-required wpcf7-text wpcf7-validates-as-email\" id=\"form-email\" autocomplete=\"email\" aria-required=\"true\" aria-invalid=\"false\" placeholder=\"Correo electr\u00f3nico*\" value=\"\" type=\"email\" name=\"email\" \/><\/span><\/div>\n<div class=\"form-field\"><span class=\"wpcf7-form-control-wrap\" data-name=\"organization\"><input size=\"40\" maxlength=\"400\" class=\"wpcf7-form-control wpcf7-text\" id=\"form-organization\" autocomplete=\"organization\" aria-invalid=\"false\" placeholder=\"Empresa\" value=\"\" type=\"text\" name=\"organization\" \/><\/span><\/div>\n<div class=\"form-field\"><span class=\"wpcf7-form-control-wrap\" data-name=\"tel\"><input size=\"40\" maxlength=\"400\" class=\"wpcf7-form-control wpcf7-text\" id=\"form-tel\" autocomplete=\"tel\" aria-invalid=\"false\" placeholder=\"Tel\u00e9fono\" value=\"\" type=\"text\" name=\"tel\" \/><\/span><\/div>\n<div class=\"form-field full\"><span class=\"wpcf7-form-control-wrap\" data-name=\"message\"><textarea cols=\"40\" rows=\"10\" maxlength=\"2000\" class=\"wpcf7-form-control wpcf7-textarea wpcf7-validates-as-required\" id=\"form-message\" aria-required=\"true\" aria-invalid=\"false\" placeholder=\"Su preocupaci\u00f3n\" name=\"message\"><\/textarea><\/span><\/div>\n<div class=\"form-field full note\">Los campos marcados con * son obligatorios<\/div>\n<div class=\"form-field footer full\"><span class=\"wpcf7-form-control-wrap\" data-name=\"ds\"><span class=\"wpcf7-form-control wpcf7-acceptance\"><span class=\"wpcf7-list-item\"><label><input type=\"checkbox\" name=\"ds\" value=\"1\" aria-invalid=\"false\" \/><span class=\"wpcf7-list-item-label\">He tomado nota de las <a href=\"\/es\/proteccion-de-datos\" target=\"_blank\">normas de protecci\u00f3n de datos<\/a>.<\/span><\/label><\/span><\/span><\/span><input class=\"wpcf7-form-control wpcf7-submit has-spinner\" type=\"submit\" value=\"Enviar\" \/><\/div><p style=\"display: none !important;\" class=\"akismet-fields-container\" data-prefix=\"_wpcf7_ak_\"><label>&#916;<textarea name=\"_wpcf7_ak_hp_textarea\" cols=\"45\" rows=\"8\" maxlength=\"100\"><\/textarea><\/label><input type=\"hidden\" id=\"ak_js_1\" name=\"_wpcf7_ak_js\" value=\"194\"\/><script>document.getElementById( \"ak_js_1\" ).setAttribute( \"value\", ( new Date() ).getTime() );<\/script><\/p><input type='hidden' class='wpcf7-pum' value='{\"closepopup\":false,\"closedelay\":0,\"openpopup\":false,\"openpopup_id\":0}' \/><div class=\"wpcf7-response-output\" aria-hidden=\"true\"><\/div>\n<\/form>\n<\/div>\n\t\t\t\t\t<\/div> \n\t\t\n\t\t\t\t<\/div>\n\t\t\t\n<\/div>\n<\/section>","protected":false},"excerpt":{"rendered":"<p>Asumimos nuestra responsabilidad configurando nuestra producci\u00f3n y cadena de valor de modo que los recursos se utilicen de forma eficiente y se evite el desperdicio. Nuestro objetivo es reducir a largo plazo el impacto de nuestros productos y de su fabricaci\u00f3n. Para ello, analizamos y optimizamos continuamente nuestros procesos, aplicamos medidas espec\u00edficas y seguimos evolucionando, &#8230; <\/p>\n<p class=\"read-more-container\"><a title=\"Estrategia medioambiental\" class=\"read-more button\" href=\"https:\/\/lutz-blades.com\/es\/cuchillas-lutz-en-el-interior\/estrategia-medioambiental\/#more-111203\" aria-label=\"Leer m\u00e1s sobre Estrategia medioambiental\">weiterlesen<\/a><\/p>\n","protected":false},"author":1,"featured_media":0,"parent":7720,"menu_order":2,"comment_status":"closed","ping_status":"closed","template":"","meta":{"_acf_changed":false,"footnotes":""},"class_list":{"0":"post-111203","1":"page","2":"type-page","3":"status-publish","5":"no-featured-image-padding"},"acf":[],"yoast_head":"<!-- This site is optimized with the Yoast SEO plugin v27.4 - https:\/\/yoast.com\/product\/yoast-seo-wordpress\/ -->\n<title>Sostenibilidad en LUTZ BLADES - ECO PLUS<\/title>\n<meta name=\"robots\" content=\"index, follow, max-snippet:-1, max-image-preview:large, max-video-preview:-1\" \/>\n<link rel=\"canonical\" href=\"https:\/\/lutz-blades.com\/es\/cuchillas-lutz-en-el-interior\/estrategia-medioambiental\/\" \/>\n<meta property=\"og:locale\" content=\"es_ES\" \/>\n<meta property=\"og:type\" content=\"article\" \/>\n<meta property=\"og:title\" content=\"Sostenibilidad en LUTZ BLADES - ECO PLUS\" \/>\n<meta property=\"og:description\" content=\"Asumimos nuestra responsabilidad configurando nuestra producci\u00f3n y cadena de valor de modo que los recursos se utilicen de forma eficiente y se evite el desperdicio. Nuestro objetivo es reducir a largo plazo el impacto de nuestros productos y de su fabricaci\u00f3n. Para ello, analizamos y optimizamos continuamente nuestros procesos, aplicamos medidas espec\u00edficas y seguimos evolucionando, ... weiterlesen\" \/>\n<meta property=\"og:url\" content=\"https:\/\/lutz-blades.com\/es\/cuchillas-lutz-en-el-interior\/estrategia-medioambiental\/\" \/>\n<meta property=\"og:site_name\" content=\"LUTZ BLADES exactly\" \/>\n<meta property=\"article:modified_time\" content=\"2026-04-27T13:11:31+00:00\" \/>\n<meta property=\"og:image\" content=\"https:\/\/lutz-blades.com\/wp-content\/uploads\/diagram-3.png\" \/>\n<meta name=\"twitter:card\" content=\"summary_large_image\" \/>\n<script type=\"application\/ld+json\" class=\"yoast-schema-graph\">{\"@context\":\"https:\\\/\\\/schema.org\",\"@graph\":[{\"@type\":\"WebPage\",\"@id\":\"https:\\\/\\\/lutz-blades.com\\\/es\\\/cuchillas-lutz-en-el-interior\\\/estrategia-medioambiental\\\/\",\"url\":\"https:\\\/\\\/lutz-blades.com\\\/es\\\/cuchillas-lutz-en-el-interior\\\/estrategia-medioambiental\\\/\",\"name\":\"Sostenibilidad en LUTZ BLADES - ECO PLUS\",\"isPartOf\":{\"@id\":\"https:\\\/\\\/lutz-blades.com\\\/es\\\/#website\"},\"primaryImageOfPage\":{\"@id\":\"https:\\\/\\\/lutz-blades.com\\\/es\\\/cuchillas-lutz-en-el-interior\\\/estrategia-medioambiental\\\/#primaryimage\"},\"image\":{\"@id\":\"https:\\\/\\\/lutz-blades.com\\\/es\\\/cuchillas-lutz-en-el-interior\\\/estrategia-medioambiental\\\/#primaryimage\"},\"thumbnailUrl\":\"https:\\\/\\\/lutz-blades.com\\\/wp-content\\\/uploads\\\/diagram-3.png\",\"datePublished\":\"2026-04-23T12:18:18+00:00\",\"dateModified\":\"2026-04-27T13:11:31+00:00\",\"breadcrumb\":{\"@id\":\"https:\\\/\\\/lutz-blades.com\\\/es\\\/cuchillas-lutz-en-el-interior\\\/estrategia-medioambiental\\\/#breadcrumb\"},\"inLanguage\":\"es\",\"potentialAction\":[{\"@type\":\"ReadAction\",\"target\":[\"https:\\\/\\\/lutz-blades.com\\\/es\\\/cuchillas-lutz-en-el-interior\\\/estrategia-medioambiental\\\/\"]}]},{\"@type\":\"ImageObject\",\"inLanguage\":\"es\",\"@id\":\"https:\\\/\\\/lutz-blades.com\\\/es\\\/cuchillas-lutz-en-el-interior\\\/estrategia-medioambiental\\\/#primaryimage\",\"url\":\"https:\\\/\\\/lutz-blades.com\\\/wp-content\\\/uploads\\\/diagram-3.png\",\"contentUrl\":\"https:\\\/\\\/lutz-blades.com\\\/wp-content\\\/uploads\\\/diagram-3.png\"},{\"@type\":\"BreadcrumbList\",\"@id\":\"https:\\\/\\\/lutz-blades.com\\\/es\\\/cuchillas-lutz-en-el-interior\\\/estrategia-medioambiental\\\/#breadcrumb\",\"itemListElement\":[{\"@type\":\"ListItem\",\"position\":1,\"name\":\"Startseite\",\"item\":\"https:\\\/\\\/lutz-blades.com\\\/es\\\/\"},{\"@type\":\"ListItem\",\"position\":2,\"name\":\"Cuchillas Lutz en el interior\",\"item\":\"https:\\\/\\\/lutz-blades.com\\\/es\\\/cuchillas-lutz-en-el-interior\\\/\"},{\"@type\":\"ListItem\",\"position\":3,\"name\":\"Estrategia medioambiental\"}]},{\"@type\":\"WebSite\",\"@id\":\"https:\\\/\\\/lutz-blades.com\\\/es\\\/#website\",\"url\":\"https:\\\/\\\/lutz-blades.com\\\/es\\\/\",\"name\":\"LUTZ BLADES exactly\",\"description\":\"\",\"publisher\":{\"@id\":\"https:\\\/\\\/lutz-blades.com\\\/es\\\/#organization\"},\"potentialAction\":[{\"@type\":\"SearchAction\",\"target\":{\"@type\":\"EntryPoint\",\"urlTemplate\":\"https:\\\/\\\/lutz-blades.com\\\/es\\\/?s={search_term_string}\"},\"query-input\":{\"@type\":\"PropertyValueSpecification\",\"valueRequired\":true,\"valueName\":\"search_term_string\"}}],\"inLanguage\":\"es\"},{\"@type\":\"Organization\",\"@id\":\"https:\\\/\\\/lutz-blades.com\\\/es\\\/#organization\",\"name\":\"LUTZ BLADES exactly\",\"url\":\"https:\\\/\\\/lutz-blades.com\\\/es\\\/\",\"logo\":{\"@type\":\"ImageObject\",\"inLanguage\":\"es\",\"@id\":\"https:\\\/\\\/lutz-blades.com\\\/es\\\/#\\\/schema\\\/logo\\\/image\\\/\",\"url\":\"https:\\\/\\\/lutz-blades.com\\\/wp-content\\\/uploads\\\/lutz-blades-logo.svg\",\"contentUrl\":\"https:\\\/\\\/lutz-blades.com\\\/wp-content\\\/uploads\\\/lutz-blades-logo.svg\",\"width\":240,\"height\":66,\"caption\":\"LUTZ BLADES exactly\"},\"image\":{\"@id\":\"https:\\\/\\\/lutz-blades.com\\\/es\\\/#\\\/schema\\\/logo\\\/image\\\/\"}}]}<\/script>\n<!-- \/ Yoast SEO plugin. -->","yoast_head_json":{"title":"Sostenibilidad en LUTZ BLADES - ECO PLUS","robots":{"index":"index","follow":"follow","max-snippet":"max-snippet:-1","max-image-preview":"max-image-preview:large","max-video-preview":"max-video-preview:-1"},"canonical":"https:\/\/lutz-blades.com\/es\/cuchillas-lutz-en-el-interior\/estrategia-medioambiental\/","og_locale":"es_ES","og_type":"article","og_title":"Sostenibilidad en LUTZ BLADES - ECO PLUS","og_description":"Asumimos nuestra responsabilidad configurando nuestra producci\u00f3n y cadena de valor de modo que los recursos se utilicen de forma eficiente y se evite el desperdicio. Nuestro objetivo es reducir a largo plazo el impacto de nuestros productos y de su fabricaci\u00f3n. Para ello, analizamos y optimizamos continuamente nuestros procesos, aplicamos medidas espec\u00edficas y seguimos evolucionando, ... weiterlesen","og_url":"https:\/\/lutz-blades.com\/es\/cuchillas-lutz-en-el-interior\/estrategia-medioambiental\/","og_site_name":"LUTZ BLADES exactly","article_modified_time":"2026-04-27T13:11:31+00:00","og_image":[{"url":"https:\/\/lutz-blades.com\/wp-content\/uploads\/diagram-3.png","type":"","width":"","height":""}],"twitter_card":"summary_large_image","schema":{"@context":"https:\/\/schema.org","@graph":[{"@type":"WebPage","@id":"https:\/\/lutz-blades.com\/es\/cuchillas-lutz-en-el-interior\/estrategia-medioambiental\/","url":"https:\/\/lutz-blades.com\/es\/cuchillas-lutz-en-el-interior\/estrategia-medioambiental\/","name":"Sostenibilidad en LUTZ BLADES - ECO PLUS","isPartOf":{"@id":"https:\/\/lutz-blades.com\/es\/#website"},"primaryImageOfPage":{"@id":"https:\/\/lutz-blades.com\/es\/cuchillas-lutz-en-el-interior\/estrategia-medioambiental\/#primaryimage"},"image":{"@id":"https:\/\/lutz-blades.com\/es\/cuchillas-lutz-en-el-interior\/estrategia-medioambiental\/#primaryimage"},"thumbnailUrl":"https:\/\/lutz-blades.com\/wp-content\/uploads\/diagram-3.png","datePublished":"2026-04-23T12:18:18+00:00","dateModified":"2026-04-27T13:11:31+00:00","breadcrumb":{"@id":"https:\/\/lutz-blades.com\/es\/cuchillas-lutz-en-el-interior\/estrategia-medioambiental\/#breadcrumb"},"inLanguage":"es","potentialAction":[{"@type":"ReadAction","target":["https:\/\/lutz-blades.com\/es\/cuchillas-lutz-en-el-interior\/estrategia-medioambiental\/"]}]},{"@type":"ImageObject","inLanguage":"es","@id":"https:\/\/lutz-blades.com\/es\/cuchillas-lutz-en-el-interior\/estrategia-medioambiental\/#primaryimage","url":"https:\/\/lutz-blades.com\/wp-content\/uploads\/diagram-3.png","contentUrl":"https:\/\/lutz-blades.com\/wp-content\/uploads\/diagram-3.png"},{"@type":"BreadcrumbList","@id":"https:\/\/lutz-blades.com\/es\/cuchillas-lutz-en-el-interior\/estrategia-medioambiental\/#breadcrumb","itemListElement":[{"@type":"ListItem","position":1,"name":"Startseite","item":"https:\/\/lutz-blades.com\/es\/"},{"@type":"ListItem","position":2,"name":"Cuchillas Lutz en el interior","item":"https:\/\/lutz-blades.com\/es\/cuchillas-lutz-en-el-interior\/"},{"@type":"ListItem","position":3,"name":"Estrategia medioambiental"}]},{"@type":"WebSite","@id":"https:\/\/lutz-blades.com\/es\/#website","url":"https:\/\/lutz-blades.com\/es\/","name":"LUTZ BLADES exactly","description":"","publisher":{"@id":"https:\/\/lutz-blades.com\/es\/#organization"},"potentialAction":[{"@type":"SearchAction","target":{"@type":"EntryPoint","urlTemplate":"https:\/\/lutz-blades.com\/es\/?s={search_term_string}"},"query-input":{"@type":"PropertyValueSpecification","valueRequired":true,"valueName":"search_term_string"}}],"inLanguage":"es"},{"@type":"Organization","@id":"https:\/\/lutz-blades.com\/es\/#organization","name":"LUTZ BLADES exactly","url":"https:\/\/lutz-blades.com\/es\/","logo":{"@type":"ImageObject","inLanguage":"es","@id":"https:\/\/lutz-blades.com\/es\/#\/schema\/logo\/image\/","url":"https:\/\/lutz-blades.com\/wp-content\/uploads\/lutz-blades-logo.svg","contentUrl":"https:\/\/lutz-blades.com\/wp-content\/uploads\/lutz-blades-logo.svg","width":240,"height":66,"caption":"LUTZ BLADES exactly"},"image":{"@id":"https:\/\/lutz-blades.com\/es\/#\/schema\/logo\/image\/"}}]}},"_links":{"self":[{"href":"https:\/\/lutz-blades.com\/es\/wp-json\/wp\/v2\/pages\/111203","targetHints":{"allow":["GET"]}}],"collection":[{"href":"https:\/\/lutz-blades.com\/es\/wp-json\/wp\/v2\/pages"}],"about":[{"href":"https:\/\/lutz-blades.com\/es\/wp-json\/wp\/v2\/types\/page"}],"author":[{"embeddable":true,"href":"https:\/\/lutz-blades.com\/es\/wp-json\/wp\/v2\/users\/1"}],"replies":[{"embeddable":true,"href":"https:\/\/lutz-blades.com\/es\/wp-json\/wp\/v2\/comments?post=111203"}],"version-history":[{"count":2,"href":"https:\/\/lutz-blades.com\/es\/wp-json\/wp\/v2\/pages\/111203\/revisions"}],"predecessor-version":[{"id":111212,"href":"https:\/\/lutz-blades.com\/es\/wp-json\/wp\/v2\/pages\/111203\/revisions\/111212"}],"up":[{"embeddable":true,"href":"https:\/\/lutz-blades.com\/es\/wp-json\/wp\/v2\/pages\/7720"}],"wp:attachment":[{"href":"https:\/\/lutz-blades.com\/es\/wp-json\/wp\/v2\/media?parent=111203"}],"curies":[{"name":"wp","href":"https:\/\/api.w.org\/{rel}","templated":true}]}}